{"id":4388,"date":"2025-03-07T16:17:00","date_gmt":"2025-03-07T16:17:00","guid":{"rendered":"https:\/\/newplace.ch\/?page_id=4388"},"modified":"2025-03-20T11:03:05","modified_gmt":"2025-03-20T11:03:05","slug":"planungsphase","status":"publish","type":"page","link":"https:\/\/newplace.ch\/it\/planungsphase\/","title":{"rendered":"Pianificazione del ricollocamento - Fase di pianificazione del ricollocamento"},"content":{"rendered":"<div data-elementor-type=\"wp-page\" data-elementor-id=\"4388\" class=\"elementor elementor-4388\" data-elementor-post-type=\"page\">\n\t\t\t\t<div class=\"elementor-element elementor-element-4de0239 e-con-full e-flex e-con e-parent\" data-id=\"4de0239\" data-element_type=\"container\" data-settings=\"{&quot;background_background&quot;:&quot;classic&quot;}\">\n\t\t<div class=\"elementor-element elementor-element-91a9c6a e-con-full e-flex e-con e-child\" data-id=\"91a9c6a\" data-element_type=\"container\">\n\t\t<div class=\"elementor-element elementor-element-58de710 e-con-full e-flex e-con e-child\" data-id=\"58de710\" data-element_type=\"container\">\n\t\t\t\t<div class=\"elementor-element elementor-element-dfae43d animated-slow elementor-invisible elementor-widget elementor-widget-heading\" data-id=\"dfae43d\" data-element_type=\"widget\" data-settings=\"{&quot;_animation&quot;:&quot;fadeIn&quot;}\" data-widget_type=\"heading.default\">\n\t\t\t\t<div class=\"elementor-widget-container\">\n\t\t\t\t\t<h2 class=\"elementor-heading-title elementor-size-default\"><span style=\"color:#000\">\n\n01 \/ Fase di pianificazione. \n\n<\/span>\n\nPi\u00f9 un'azienda pianifica e prepara i propri processi di cambiamento con cura e professionalit\u00e0, minori saranno i rischi e le incertezze legati all'implementazione. Ci\u00f2 contribuisce anche a preservare l'immagine dell'azienda sia all'interno che all'esterno.<\/h2>\t\t\t\t<\/div>\n\t\t\t\t<\/div>\n\t\t\t\t<div class=\"elementor-element elementor-element-3aa7811 elementor-widget elementor-widget-spacer\" data-id=\"3aa7811\" data-element_type=\"widget\" data-widget_type=\"spacer.default\">\n\t\t\t\t<div class=\"elementor-widget-container\">\n\t\t\t\t\t\t\t<div class=\"elementor-spacer\">\n\t\t\t<div class=\"elementor-spacer-inner\"><\/div>\n\t\t<\/div>\n\t\t\t\t\t\t<\/div>\n\t\t\t\t<\/div>\n\t\t\t\t<\/div>\n\t\t\t\t<\/div>\n\t\t\t\t<div class=\"elementor-element elementor-element-c0de604 elementor-icon-list--layout-inline animated-slow elementor-list-item-link-full_width elementor-invisible elementor-widget elementor-widget-icon-list\" data-id=\"c0de604\" data-element_type=\"widget\" data-settings=\"{&quot;_animation&quot;:&quot;fadeIn&quot;}\" data-widget_type=\"icon-list.default\">\n\t\t\t\t<div class=\"elementor-widget-container\">\n\t\t\t\t\t\t\t<ul class=\"elementor-icon-list-items elementor-inline-items\">\n\t\t\t\t\t\t\t<li class=\"elementor-icon-list-item elementor-inline-item\">\n\t\t\t\t\t\t\t\t\t\t\t<a href=\"https:\/\/newplace.ch\/it\/planungsphase\/\">\n\n\t\t\t\t\t\t\t\t\t\t\t<span class=\"elementor-icon-list-text\">01 \/ Pianificazione<\/span>\n\t\t\t\t\t\t\t\t\t\t\t<\/a>\n\t\t\t\t\t\t\t\t\t<\/li>\n\t\t\t\t\t\t\t\t<li class=\"elementor-icon-list-item elementor-inline-item\">\n\t\t\t\t\t\t\t\t\t\t\t<a href=\"https:\/\/newplace.ch\/it\/umsetzungsphase\/\">\n\n\t\t\t\t\t\t\t\t\t\t\t<span class=\"elementor-icon-list-text\">02 \/ Accompagnamento care <\/span>\n\t\t\t\t\t\t\t\t\t\t\t<\/a>\n\t\t\t\t\t\t\t\t\t<\/li>\n\t\t\t\t\t\t\t\t<li class=\"elementor-icon-list-item elementor-inline-item\">\n\t\t\t\t\t\t\t\t\t\t\t<a href=\"https:\/\/newplace.ch\/it\/outplacement\/\">\n\n\t\t\t\t\t\t\t\t\t\t\t<span class=\"elementor-icon-list-text\">03 \/ Newplacement<\/span>\n\t\t\t\t\t\t\t\t\t\t\t<\/a>\n\t\t\t\t\t\t\t\t\t<\/li>\n\t\t\t\t\t\t<\/ul>\n\t\t\t\t\t\t<\/div>\n\t\t\t\t<\/div>\n\t\t\t\t<\/div>\n\t\t<div class=\"elementor-element elementor-element-cc2b290 e-con-full e-flex e-con e-parent\" data-id=\"cc2b290\" data-element_type=\"container\" data-settings=\"{&quot;background_background&quot;:&quot;classic&quot;}\">\n\t\t\t\t<div class=\"elementor-element elementor-element-3ff19db animated-slow elementor-invisible elementor-widget elementor-widget-heading\" data-id=\"3ff19db\" data-element_type=\"widget\" data-settings=\"{&quot;_animation&quot;:&quot;fadeIn&quot;}\" data-widget_type=\"heading.default\">\n\t\t\t\t<div class=\"elementor-widget-container\">\n\t\t\t\t\t<h2 class=\"elementor-heading-title elementor-size-default\">In particolare, vengono affrontate le seguenti domande.<\/h2>\t\t\t\t<\/div>\n\t\t\t\t<\/div>\n\t\t<div class=\"elementor-element elementor-element-0e3a765 e-con-full e-flex e-con e-child\" data-id=\"0e3a765\" data-element_type=\"container\">\n\t\t<div class=\"elementor-element elementor-element-4c15ba7 e-con-full e-flex e-con e-child\" data-id=\"4c15ba7\" data-element_type=\"container\">\n\t\t\t\t<div class=\"elementor-element elementor-element-0ac395c animated-slow elementor-invisible elementor-widget elementor-widget-heading\" data-id=\"0ac395c\" data-element_type=\"widget\" data-settings=\"{&quot;_animation&quot;:&quot;fadeIn&quot;}\" data-widget_type=\"heading.default\">\n\t\t\t\t<div class=\"elementor-widget-container\">\n\t\t\t\t\t<h2 class=\"elementor-heading-title elementor-size-default\">01<\/h2>\t\t\t\t<\/div>\n\t\t\t\t<\/div>\n\t\t\t\t<div class=\"elementor-element elementor-element-d93c2e1 animated-slow elementor-invisible elementor-widget elementor-widget-text-editor\" data-id=\"d93c2e1\" data-element_type=\"widget\" data-settings=\"{&quot;_animation&quot;:&quot;fadeIn&quot;}\" data-widget_type=\"text-editor.default\">\n\t\t\t\t<div class=\"elementor-widget-container\">\n\t\t\t\t\t\t\t\t\t<p>Di quali risorse umane e competenze abbiamo bisogno durante e dopo il processo di riorganizzazione per adempiere ai nostri obblighi e garantire la sopravvivenza dell'azienda con i dipendenti rimasti?<\/p>\t\t\t\t\t\t\t\t<\/div>\n\t\t\t\t<\/div>\n\t\t\t\t<\/div>\n\t\t<div class=\"elementor-element elementor-element-c49beb0 e-con-full e-flex e-con e-child\" data-id=\"c49beb0\" data-element_type=\"container\">\n\t\t\t\t<div class=\"elementor-element elementor-element-35a5edd animated-slow elementor-invisible elementor-widget elementor-widget-heading\" data-id=\"35a5edd\" data-element_type=\"widget\" data-settings=\"{&quot;_animation&quot;:&quot;fadeIn&quot;}\" data-widget_type=\"heading.default\">\n\t\t\t\t<div class=\"elementor-widget-container\">\n\t\t\t\t\t<h2 class=\"elementor-heading-title elementor-size-default\">02<\/h2>\t\t\t\t<\/div>\n\t\t\t\t<\/div>\n\t\t\t\t<div class=\"elementor-element elementor-element-f18e236 animated-slow elementor-invisible elementor-widget elementor-widget-text-editor\" data-id=\"f18e236\" data-element_type=\"widget\" data-settings=\"{&quot;_animation&quot;:&quot;fadeIn&quot;}\" data-widget_type=\"text-editor.default\">\n\t\t\t\t<div class=\"elementor-widget-container\">\n\t\t\t\t\t\t\t\t\t<p>Quale spazio di manovra abbiamo a disposizione in base alle norme legali e contrattuali esistenti?<\/p>\t\t\t\t\t\t\t\t<\/div>\n\t\t\t\t<\/div>\n\t\t\t\t<\/div>\n\t\t\t\t<\/div>\n\t\t<div class=\"elementor-element elementor-element-9a5f606 e-con-full e-flex e-con e-child\" data-id=\"9a5f606\" data-element_type=\"container\">\n\t\t<div class=\"elementor-element elementor-element-6298e5f e-con-full e-flex e-con e-child\" data-id=\"6298e5f\" data-element_type=\"container\">\n\t\t\t\t<div class=\"elementor-element elementor-element-1620362 animated-slow elementor-invisible elementor-widget elementor-widget-heading\" data-id=\"1620362\" data-element_type=\"widget\" data-settings=\"{&quot;_animation&quot;:&quot;fadeIn&quot;}\" data-widget_type=\"heading.default\">\n\t\t\t\t<div class=\"elementor-widget-container\">\n\t\t\t\t\t<h2 class=\"elementor-heading-title elementor-size-default\">03<\/h2>\t\t\t\t<\/div>\n\t\t\t\t<\/div>\n\t\t\t\t<div class=\"elementor-element elementor-element-225bc46 animated-slow elementor-invisible elementor-widget elementor-widget-text-editor\" data-id=\"225bc46\" data-element_type=\"widget\" data-settings=\"{&quot;_animation&quot;:&quot;fadeIn&quot;}\" data-widget_type=\"text-editor.default\">\n\t\t\t\t<div class=\"elementor-widget-container\">\n\t\t\t\t\t\t\t\t\tQuali risorse saranno coinvolte nel progetto di riorganizzazione, chi ne assumer\u00e0 la leadership e la responsabilit\u00e0? Quali interfacce devono essere chiarite?\t\t\t\t\t\t\t\t<\/div>\n\t\t\t\t<\/div>\n\t\t\t\t<\/div>\n\t\t<div class=\"elementor-element elementor-element-b5c2710 e-con-full e-flex e-con e-child\" data-id=\"b5c2710\" data-element_type=\"container\">\n\t\t\t\t<div class=\"elementor-element elementor-element-18538b1 animated-slow elementor-invisible elementor-widget elementor-widget-heading\" data-id=\"18538b1\" data-element_type=\"widget\" data-settings=\"{&quot;_animation&quot;:&quot;fadeIn&quot;}\" data-widget_type=\"heading.default\">\n\t\t\t\t<div class=\"elementor-widget-container\">\n\t\t\t\t\t<h2 class=\"elementor-heading-title elementor-size-default\">04<\/h2>\t\t\t\t<\/div>\n\t\t\t\t<\/div>\n\t\t\t\t<div class=\"elementor-element elementor-element-46bb05d animated-slow elementor-invisible elementor-widget elementor-widget-text-editor\" data-id=\"46bb05d\" data-element_type=\"widget\" data-settings=\"{&quot;_animation&quot;:&quot;fadeIn&quot;}\" data-widget_type=\"text-editor.default\">\n\t\t\t\t<div class=\"elementor-widget-container\">\n\t\t\t\t\t\t\t\t\t<p>I nostri dirigenti sono adeguatamente preparati per il contributo che sono chiamati a fornire?<\/p>\t\t\t\t\t\t\t\t<\/div>\n\t\t\t\t<\/div>\n\t\t\t\t<\/div>\n\t\t\t\t<\/div>\n\t\t<div class=\"elementor-element elementor-element-beb2bc6 e-con-full e-flex e-con e-child\" data-id=\"beb2bc6\" data-element_type=\"container\">\n\t\t<div class=\"elementor-element elementor-element-6c7c414 e-con-full e-flex e-con e-child\" data-id=\"6c7c414\" data-element_type=\"container\">\n\t\t\t\t<div class=\"elementor-element elementor-element-acc70af animated-slow elementor-invisible elementor-widget elementor-widget-heading\" data-id=\"acc70af\" data-element_type=\"widget\" data-settings=\"{&quot;_animation&quot;:&quot;fadeIn&quot;}\" data-widget_type=\"heading.default\">\n\t\t\t\t<div class=\"elementor-widget-container\">\n\t\t\t\t\t<h2 class=\"elementor-heading-title elementor-size-default\">05<\/h2>\t\t\t\t<\/div>\n\t\t\t\t<\/div>\n\t\t\t\t<div class=\"elementor-element elementor-element-73a33f6 animated-slow elementor-invisible elementor-widget elementor-widget-text-editor\" data-id=\"73a33f6\" data-element_type=\"widget\" data-settings=\"{&quot;_animation&quot;:&quot;fadeIn&quot;}\" data-widget_type=\"text-editor.default\">\n\t\t\t\t<div class=\"elementor-widget-container\">\n\t\t\t\t\t\t\t\t\tCome si presenta il nostro piano di comunicazione per il progetto? Chi si assume la responsabilit\u00e0 della comunicazione interna? Chi di quella esterna? E per i media?\t\t\t\t\t\t\t\t<\/div>\n\t\t\t\t<\/div>\n\t\t\t\t<\/div>\n\t\t<div class=\"elementor-element elementor-element-a8697ae e-con-full e-flex e-con e-child\" data-id=\"a8697ae\" data-element_type=\"container\">\n\t\t\t\t<div class=\"elementor-element elementor-element-8c5862a animated-slow elementor-invisible elementor-widget elementor-widget-heading\" data-id=\"8c5862a\" data-element_type=\"widget\" data-settings=\"{&quot;_animation&quot;:&quot;fadeIn&quot;}\" data-widget_type=\"heading.default\">\n\t\t\t\t<div class=\"elementor-widget-container\">\n\t\t\t\t\t<h2 class=\"elementor-heading-title elementor-size-default\">06<\/h2>\t\t\t\t<\/div>\n\t\t\t\t<\/div>\n\t\t\t\t<div class=\"elementor-element elementor-element-7f55b2b animated-slow elementor-invisible elementor-widget elementor-widget-text-editor\" data-id=\"7f55b2b\" data-element_type=\"widget\" data-settings=\"{&quot;_animation&quot;:&quot;fadeIn&quot;}\" data-widget_type=\"text-editor.default\">\n\t\t\t\t<div class=\"elementor-widget-container\">\n\t\t\t\t\t\t\t\t\tQuali sono le disposizioni legali e contrattuali da tenere in considerazione quando si procede?\t\t\t\t\t\t\t\t<\/div>\n\t\t\t\t<\/div>\n\t\t\t\t<\/div>\n\t\t\t\t<\/div>\n\t\t\t\t<\/div>\n\t\t\t\t<\/div>","protected":false},"excerpt":{"rendered":"<p>01 \/ Fase di pianificazione. Quanto pi\u00f9 un'azienda pianifica e prepara con cura e professionalit\u00e0 i processi di cambiamento, tanto minori saranno i rischi e le incertezze di attuazione. Ci\u00f2 contribuisce anche a tutelare l'immagine dell'azienda sia all'interno che all'esterno. 01 \/ Pianificazione 02 \/ Assistenza 03 \/ Newplacement Nello specifico, vengono affrontate le seguenti domande. 01 Quali sono le risorse umane e le competenze di [...]?<\/p>","protected":false},"author":2,"featured_media":0,"parent":0,"menu_order":0,"comment_status":"closed","ping_status":"closed","template":"","meta":{"_acf_changed":false,"footnotes":""},"class_list":["post-4388","page","type-page","status-publish","hentry"],"acf":[],"yoast_head":"<!-- This site is optimized with the Yoast SEO plugin v24.7 - https:\/\/yoast.com\/wordpress\/plugins\/seo\/ -->\n<title>Das newplace 3-Phasen-Modell: Outplacement Planung &#8226; newplace &#8226;<\/title>\n<meta name=\"description\" content=\"Outplacement Planung im newplace 3-Phasen-Modell: Wir beraten und begleiten Sie als Unternehmen oder Arbeitnehmer professionell.\" \/>\n<meta name=\"robots\" content=\"index, follow, max-snippet:-1, max-image-preview:large, max-video-preview:-1\" \/>\n<link rel=\"canonical\" href=\"https:\/\/newplace.ch\/it\/planungsphase\/\" \/>\n<meta property=\"og:locale\" content=\"it_IT\" \/>\n<meta property=\"og:type\" content=\"article\" \/>\n<meta property=\"og:title\" content=\"Das newplace 3-Phasen-Modell: Outplacement Planung &#8226; newplace &#8226;\" \/>\n<meta property=\"og:description\" content=\"Outplacement Planung im newplace 3-Phasen-Modell: Wir beraten und begleiten Sie als Unternehmen oder Arbeitnehmer professionell.\" \/>\n<meta property=\"og:url\" content=\"https:\/\/newplace.ch\/it\/planungsphase\/\" \/>\n<meta property=\"og:site_name\" content=\"newplace\" \/>\n<meta property=\"article:modified_time\" content=\"2025-03-20T11:03:05+00:00\" \/>\n<meta name=\"twitter:card\" content=\"summary_large_image\" \/>\n<script type=\"application\/ld+json\" class=\"yoast-schema-graph\">{\"@context\":\"https:\/\/schema.org\",\"@graph\":[{\"@type\":\"WebPage\",\"@id\":\"https:\/\/newplace.ch\/planungsphase\/\",\"url\":\"https:\/\/newplace.ch\/planungsphase\/\",\"name\":\"Das newplace 3-Phasen-Modell: Outplacement Planung &#8226; newplace &#8226;\",\"isPartOf\":{\"@id\":\"https:\/\/newplace.ch\/#website\"},\"datePublished\":\"2025-03-07T16:17:00+00:00\",\"dateModified\":\"2025-03-20T11:03:05+00:00\",\"description\":\"Outplacement Planung im newplace 3-Phasen-Modell: Wir beraten und begleiten Sie als Unternehmen oder Arbeitnehmer professionell.\",\"breadcrumb\":{\"@id\":\"https:\/\/newplace.ch\/planungsphase\/#breadcrumb\"},\"inLanguage\":\"it-IT\",\"potentialAction\":[{\"@type\":\"ReadAction\",\"target\":[\"https:\/\/newplace.ch\/planungsphase\/\"]}]},{\"@type\":\"BreadcrumbList\",\"@id\":\"https:\/\/newplace.ch\/planungsphase\/#breadcrumb\",\"itemListElement\":[{\"@type\":\"ListItem\",\"position\":1,\"name\":\"Startseite\",\"item\":\"https:\/\/newplace.ch\/\"},{\"@type\":\"ListItem\",\"position\":2,\"name\":\"Outplacement Planung &#8211; Outplacement Planungsphase\"}]},{\"@type\":\"WebSite\",\"@id\":\"https:\/\/newplace.ch\/#website\",\"url\":\"https:\/\/newplace.ch\/\",\"name\":\"newplace\",\"description\":\"\",\"publisher\":{\"@id\":\"https:\/\/newplace.ch\/#organization\"},\"potentialAction\":[{\"@type\":\"SearchAction\",\"target\":{\"@type\":\"EntryPoint\",\"urlTemplate\":\"https:\/\/newplace.ch\/?s={search_term_string}\"},\"query-input\":{\"@type\":\"PropertyValueSpecification\",\"valueRequired\":true,\"valueName\":\"search_term_string\"}}],\"inLanguage\":\"it-IT\"},{\"@type\":\"Organization\",\"@id\":\"https:\/\/newplace.ch\/#organization\",\"name\":\"newplace AG\",\"url\":\"https:\/\/newplace.ch\/\",\"logo\":{\"@type\":\"ImageObject\",\"inLanguage\":\"it-IT\",\"@id\":\"https:\/\/newplace.ch\/#\/schema\/logo\/image\/\",\"url\":\"https:\/\/newplace.ch\/wp-content\/uploads\/2025\/02\/newplace.svg\",\"contentUrl\":\"https:\/\/newplace.ch\/wp-content\/uploads\/2025\/02\/newplace.svg\",\"width\":345,\"height\":120,\"caption\":\"newplace AG\"},\"image\":{\"@id\":\"https:\/\/newplace.ch\/#\/schema\/logo\/image\/\"},\"sameAs\":[\"https:\/\/www.linkedin.com\/company\/newplace-ag\"]}]}<\/script>\n<!-- \/ Yoast SEO plugin. -->","yoast_head_json":{"title":"Das newplace 3-Phasen-Modell: Outplacement Planung &#8226; newplace &#8226;","description":"Outplacement Planung im newplace 3-Phasen-Modell: Wir beraten und begleiten Sie als Unternehmen oder Arbeitnehmer professionell.","robots":{"index":"index","follow":"follow","max-snippet":"max-snippet:-1","max-image-preview":"max-image-preview:large","max-video-preview":"max-video-preview:-1"},"canonical":"https:\/\/newplace.ch\/it\/planungsphase\/","og_locale":"it_IT","og_type":"article","og_title":"Das newplace 3-Phasen-Modell: Outplacement Planung &#8226; newplace &#8226;","og_description":"Outplacement Planung im newplace 3-Phasen-Modell: Wir beraten und begleiten Sie als Unternehmen oder Arbeitnehmer professionell.","og_url":"https:\/\/newplace.ch\/it\/planungsphase\/","og_site_name":"newplace","article_modified_time":"2025-03-20T11:03:05+00:00","twitter_card":"summary_large_image","schema":{"@context":"https:\/\/schema.org","@graph":[{"@type":"WebPage","@id":"https:\/\/newplace.ch\/planungsphase\/","url":"https:\/\/newplace.ch\/planungsphase\/","name":"Das newplace 3-Phasen-Modell: Outplacement Planung &#8226; newplace &#8226;","isPartOf":{"@id":"https:\/\/newplace.ch\/#website"},"datePublished":"2025-03-07T16:17:00+00:00","dateModified":"2025-03-20T11:03:05+00:00","description":"Outplacement Planung im newplace 3-Phasen-Modell: Wir beraten und begleiten Sie als Unternehmen oder Arbeitnehmer professionell.","breadcrumb":{"@id":"https:\/\/newplace.ch\/planungsphase\/#breadcrumb"},"inLanguage":"it-IT","potentialAction":[{"@type":"ReadAction","target":["https:\/\/newplace.ch\/planungsphase\/"]}]},{"@type":"BreadcrumbList","@id":"https:\/\/newplace.ch\/planungsphase\/#breadcrumb","itemListElement":[{"@type":"ListItem","position":1,"name":"Startseite","item":"https:\/\/newplace.ch\/"},{"@type":"ListItem","position":2,"name":"Outplacement Planung &#8211; Outplacement Planungsphase"}]},{"@type":"WebSite","@id":"https:\/\/newplace.ch\/#website","url":"https:\/\/newplace.ch\/","name":"nuovo posto","description":"","publisher":{"@id":"https:\/\/newplace.ch\/#organization"},"potentialAction":[{"@type":"SearchAction","target":{"@type":"EntryPoint","urlTemplate":"https:\/\/newplace.ch\/?s={search_term_string}"},"query-input":{"@type":"PropertyValueSpecification","valueRequired":true,"valueName":"search_term_string"}}],"inLanguage":"it-IT"},{"@type":"Organization","@id":"https:\/\/newplace.ch\/#organization","name":"newplace AG","url":"https:\/\/newplace.ch\/","logo":{"@type":"ImageObject","inLanguage":"it-IT","@id":"https:\/\/newplace.ch\/#\/schema\/logo\/image\/","url":"https:\/\/newplace.ch\/wp-content\/uploads\/2025\/02\/newplace.svg","contentUrl":"https:\/\/newplace.ch\/wp-content\/uploads\/2025\/02\/newplace.svg","width":345,"height":120,"caption":"newplace AG"},"image":{"@id":"https:\/\/newplace.ch\/#\/schema\/logo\/image\/"},"sameAs":["https:\/\/www.linkedin.com\/company\/newplace-ag"]}]}},"_links":{"self":[{"href":"https:\/\/newplace.ch\/it\/wp-json\/wp\/v2\/pages\/4388","targetHints":{"allow":["GET"]}}],"collection":[{"href":"https:\/\/newplace.ch\/it\/wp-json\/wp\/v2\/pages"}],"about":[{"href":"https:\/\/newplace.ch\/it\/wp-json\/wp\/v2\/types\/page"}],"author":[{"embeddable":true,"href":"https:\/\/newplace.ch\/it\/wp-json\/wp\/v2\/users\/2"}],"replies":[{"embeddable":true,"href":"https:\/\/newplace.ch\/it\/wp-json\/wp\/v2\/comments?post=4388"}],"version-history":[{"count":20,"href":"https:\/\/newplace.ch\/it\/wp-json\/wp\/v2\/pages\/4388\/revisions"}],"predecessor-version":[{"id":4941,"href":"https:\/\/newplace.ch\/it\/wp-json\/wp\/v2\/pages\/4388\/revisions\/4941"}],"wp:attachment":[{"href":"https:\/\/newplace.ch\/it\/wp-json\/wp\/v2\/media?parent=4388"}],"curies":[{"name":"wp","href":"https:\/\/api.w.org\/{rel}","templated":true}]}}