{"id":4390,"date":"2025-03-07T16:17:24","date_gmt":"2025-03-07T16:17:24","guid":{"rendered":"https:\/\/newplace.ch\/?page_id=4390"},"modified":"2025-03-20T11:11:52","modified_gmt":"2025-03-20T11:11:52","slug":"umsetzungsphase","status":"publish","type":"page","link":"https:\/\/newplace.ch\/fr\/umsetzungsphase\/","title":{"rendered":"Mise en \u0153uvre de l'outplacement - Phase de mise en \u0153uvre de l'outplacement"},"content":{"rendered":"<div data-elementor-type=\"wp-page\" data-elementor-id=\"4390\" class=\"elementor elementor-4390\" data-elementor-post-type=\"page\">\n\t\t\t\t<div class=\"elementor-element elementor-element-32d68eb e-con-full e-flex e-con e-parent\" data-id=\"32d68eb\" data-element_type=\"container\" data-settings=\"{&quot;background_background&quot;:&quot;classic&quot;}\">\n\t\t<div class=\"elementor-element elementor-element-c23bd7e e-con-full e-flex e-con e-child\" data-id=\"c23bd7e\" data-element_type=\"container\">\n\t\t<div class=\"elementor-element elementor-element-47c5bb6 e-con-full e-flex e-con e-child\" data-id=\"47c5bb6\" data-element_type=\"container\">\n\t\t\t\t<div class=\"elementor-element elementor-element-5cf743b animated-slow elementor-invisible elementor-widget elementor-widget-heading\" data-id=\"5cf743b\" data-element_type=\"widget\" data-settings=\"{&quot;_animation&quot;:&quot;fadeIn&quot;}\" data-widget_type=\"heading.default\">\n\t\t\t\t<div class=\"elementor-widget-container\">\n\t\t\t\t\t<h2 class=\"elementor-heading-title elementor-size-default\"><span style=\"color:#000\">\n\n\n\n02 \/ Accompagnement humain de la s\u00e9paration. \n\n<\/span>\n\nChaque personne r\u00e9agit diff\u00e9remment aux changements. Il en r\u00e9sulte \u00e9galement des besoins individuels concernant l'organisation du soutien. En tant que partenaire neutre, nous sommes \u00e0 vos c\u00f4t\u00e9s et au c\u00f4t\u00e9 des personnes concern\u00e9es avec notre Care-Team sur place lors du processus imm\u00e9diat de r\u00e9siliation .<\/h2>\t\t\t\t<\/div>\n\t\t\t\t<\/div>\n\t\t\t\t<div class=\"elementor-element elementor-element-18633e0 elementor-widget elementor-widget-spacer\" data-id=\"18633e0\" data-element_type=\"widget\" data-widget_type=\"spacer.default\">\n\t\t\t\t<div class=\"elementor-widget-container\">\n\t\t\t\t\t\t\t<div class=\"elementor-spacer\">\n\t\t\t<div class=\"elementor-spacer-inner\"><\/div>\n\t\t<\/div>\n\t\t\t\t\t\t<\/div>\n\t\t\t\t<\/div>\n\t\t\t\t<\/div>\n\t\t\t\t<\/div>\n\t\t\t\t<div class=\"elementor-element elementor-element-0ce2609 elementor-icon-list--layout-inline animated-slow elementor-list-item-link-full_width elementor-invisible elementor-widget elementor-widget-icon-list\" data-id=\"0ce2609\" data-element_type=\"widget\" data-settings=\"{&quot;_animation&quot;:&quot;fadeIn&quot;}\" data-widget_type=\"icon-list.default\">\n\t\t\t\t<div class=\"elementor-widget-container\">\n\t\t\t\t\t\t\t<ul class=\"elementor-icon-list-items elementor-inline-items\">\n\t\t\t\t\t\t\t<li class=\"elementor-icon-list-item elementor-inline-item\">\n\t\t\t\t\t\t\t\t\t\t\t<a href=\"https:\/\/newplace.ch\/fr\/planungsphase\/\">\n\n\t\t\t\t\t\t\t\t\t\t\t<span class=\"elementor-icon-list-text\">01 \/ Planification<\/span>\n\t\t\t\t\t\t\t\t\t\t\t<\/a>\n\t\t\t\t\t\t\t\t\t<\/li>\n\t\t\t\t\t\t\t\t<li class=\"elementor-icon-list-item elementor-inline-item\">\n\t\t\t\t\t\t\t\t\t\t\t<a href=\"https:\/\/newplace.ch\/fr\/umsetzungsphase\/\">\n\n\t\t\t\t\t\t\t\t\t\t\t<span class=\"elementor-icon-list-text\">02 \/ Accompagnement humain de la s\u00e9paration <\/span>\n\t\t\t\t\t\t\t\t\t\t\t<\/a>\n\t\t\t\t\t\t\t\t\t<\/li>\n\t\t\t\t\t\t\t\t<li class=\"elementor-icon-list-item elementor-inline-item\">\n\t\t\t\t\t\t\t\t\t\t\t<a href=\"https:\/\/newplace.ch\/fr\/outplacement\/\">\n\n\t\t\t\t\t\t\t\t\t\t\t<span class=\"elementor-icon-list-text\">03 \/ Nouveau placement<\/span>\n\t\t\t\t\t\t\t\t\t\t\t<\/a>\n\t\t\t\t\t\t\t\t\t<\/li>\n\t\t\t\t\t\t<\/ul>\n\t\t\t\t\t\t<\/div>\n\t\t\t\t<\/div>\n\t\t\t\t<\/div>\n\t\t<div class=\"elementor-element elementor-element-9a8cbbf e-con-full e-flex e-con e-parent\" data-id=\"9a8cbbf\" data-element_type=\"container\" data-settings=\"{&quot;background_background&quot;:&quot;classic&quot;}\">\n\t\t\t\t<div class=\"elementor-element elementor-element-295d11c animated-slow elementor-invisible elementor-widget elementor-widget-heading\" data-id=\"295d11c\" data-element_type=\"widget\" data-settings=\"{&quot;_animation&quot;:&quot;fadeIn&quot;}\" data-widget_type=\"heading.default\">\n\t\t\t\t<div class=\"elementor-widget-container\">\n\t\t\t\t\t<h2 class=\"elementor-heading-title elementor-size-default\">\nAfin de tenir compte de la singularit\u00e9 de chaque collaborateur, il est n\u00e9cessaire, avant les licenciements, de concevoir et de planifier avec soin l'offre de prise en charge.<\/h2>\t\t\t\t<\/div>\n\t\t\t\t<\/div>\n\t\t<div class=\"elementor-element elementor-element-f03a1c8 e-con-full e-flex e-con e-child\" data-id=\"f03a1c8\" data-element_type=\"container\">\n\t\t<div class=\"elementor-element elementor-element-b8a16ac e-con-full e-flex e-con e-child\" data-id=\"b8a16ac\" data-element_type=\"container\">\n\t\t\t\t<div class=\"elementor-element elementor-element-245a92d animated-slow elementor-invisible elementor-widget elementor-widget-heading\" data-id=\"245a92d\" data-element_type=\"widget\" data-settings=\"{&quot;_animation&quot;:&quot;fadeIn&quot;}\" data-widget_type=\"heading.default\">\n\t\t\t\t<div class=\"elementor-widget-container\">\n\t\t\t\t\t<h2 class=\"elementor-heading-title elementor-size-default\">01<\/h2>\t\t\t\t<\/div>\n\t\t\t\t<\/div>\n\t\t\t\t<div class=\"elementor-element elementor-element-a5af347 animated-slow elementor-invisible elementor-widget elementor-widget-text-editor\" data-id=\"a5af347\" data-element_type=\"widget\" data-settings=\"{&quot;_animation&quot;:&quot;fadeIn&quot;}\" data-widget_type=\"text-editor.default\">\n\t\t\t\t<div class=\"elementor-widget-container\">\n\t\t\t\t\t\t\t\t\tAfin de tenir compte de la singularit\u00e9 de chaque collaborateur, il est n\u00e9cessaire, avant les licenciements, de concevoir et de planifier avec soin l'offre de prise en charge.\t\t\t\t\t\t\t\t<\/div>\n\t\t\t\t<\/div>\n\t\t\t\t<\/div>\n\t\t<div class=\"elementor-element elementor-element-9dd1dc3 e-con-full e-flex e-con e-child\" data-id=\"9dd1dc3\" data-element_type=\"container\">\n\t\t\t\t<div class=\"elementor-element elementor-element-a120a33 animated-slow elementor-invisible elementor-widget elementor-widget-heading\" data-id=\"a120a33\" data-element_type=\"widget\" data-settings=\"{&quot;_animation&quot;:&quot;fadeIn&quot;}\" data-widget_type=\"heading.default\">\n\t\t\t\t<div class=\"elementor-widget-container\">\n\t\t\t\t\t<h2 class=\"elementor-heading-title elementor-size-default\">02<\/h2>\t\t\t\t<\/div>\n\t\t\t\t<\/div>\n\t\t\t\t<div class=\"elementor-element elementor-element-73038e9 animated-slow elementor-invisible elementor-widget elementor-widget-text-editor\" data-id=\"73038e9\" data-element_type=\"widget\" data-settings=\"{&quot;_animation&quot;:&quot;fadeIn&quot;}\" data-widget_type=\"text-editor.default\">\n\t\t\t\t<div class=\"elementor-widget-container\">\n\t\t\t\t\t\t\t\t\t<p>Attribution des diff\u00e9rentes offres de conseil aux collaborateurs concern\u00e9s selon des crit\u00e8res \u00e9prouv\u00e9s.<\/p>\t\t\t\t\t\t\t\t<\/div>\n\t\t\t\t<\/div>\n\t\t\t\t<\/div>\n\t\t\t\t<\/div>\n\t\t<div class=\"elementor-element elementor-element-3e65a5d e-con-full e-flex e-con e-child\" data-id=\"3e65a5d\" data-element_type=\"container\">\n\t\t<div class=\"elementor-element elementor-element-cd4bc90 e-con-full e-flex e-con e-child\" data-id=\"cd4bc90\" data-element_type=\"container\">\n\t\t\t\t<div class=\"elementor-element elementor-element-8d2156f animated-slow elementor-invisible elementor-widget elementor-widget-heading\" data-id=\"8d2156f\" data-element_type=\"widget\" data-settings=\"{&quot;_animation&quot;:&quot;fadeIn&quot;}\" data-widget_type=\"heading.default\">\n\t\t\t\t<div class=\"elementor-widget-container\">\n\t\t\t\t\t<h2 class=\"elementor-heading-title elementor-size-default\">03<\/h2>\t\t\t\t<\/div>\n\t\t\t\t<\/div>\n\t\t\t\t<div class=\"elementor-element elementor-element-2d49a8d animated-slow elementor-invisible elementor-widget elementor-widget-text-editor\" data-id=\"2d49a8d\" data-element_type=\"widget\" data-settings=\"{&quot;_animation&quot;:&quot;fadeIn&quot;}\" data-widget_type=\"text-editor.default\">\n\t\t\t\t<div class=\"elementor-widget-container\">\n\t\t\t\t\t\t\t\t\tV\u00e9rification de l'attribution par des entretiens personnels avec les collaborateurs concern\u00e9s.\t\t\t\t\t\t\t\t<\/div>\n\t\t\t\t<\/div>\n\t\t\t\t<\/div>\n\t\t<div class=\"elementor-element elementor-element-5299c9e e-con-full e-flex e-con e-child\" data-id=\"5299c9e\" data-element_type=\"container\">\n\t\t\t\t<div class=\"elementor-element elementor-element-83f327f animated-slow elementor-invisible elementor-widget elementor-widget-heading\" data-id=\"83f327f\" data-element_type=\"widget\" data-settings=\"{&quot;_animation&quot;:&quot;fadeIn&quot;}\" data-widget_type=\"heading.default\">\n\t\t\t\t<div class=\"elementor-widget-container\">\n\t\t\t\t\t<h2 class=\"elementor-heading-title elementor-size-default\">04<\/h2>\t\t\t\t<\/div>\n\t\t\t\t<\/div>\n\t\t\t\t<div class=\"elementor-element elementor-element-8a7f1eb animated-slow elementor-invisible elementor-widget elementor-widget-text-editor\" data-id=\"8a7f1eb\" data-element_type=\"widget\" data-settings=\"{&quot;_animation&quot;:&quot;fadeIn&quot;}\" data-widget_type=\"text-editor.default\">\n\t\t\t\t<div class=\"elementor-widget-container\">\n\t\t\t\t\t\t\t\t\tExpliquer et conseiller les collaborateurs concern\u00e9s sur l'offre de soutien.\t\t\t\t\t\t\t\t<\/div>\n\t\t\t\t<\/div>\n\t\t\t\t<\/div>\n\t\t\t\t<\/div>\n\t\t<div class=\"elementor-element elementor-element-b26b5c9 e-con-full e-flex e-con e-child\" data-id=\"b26b5c9\" data-element_type=\"container\">\n\t\t<div class=\"elementor-element elementor-element-1f8ac7c e-con-full e-flex e-con e-child\" data-id=\"1f8ac7c\" data-element_type=\"container\">\n\t\t\t\t<div class=\"elementor-element elementor-element-767079b animated-slow elementor-invisible elementor-widget elementor-widget-heading\" data-id=\"767079b\" data-element_type=\"widget\" data-settings=\"{&quot;_animation&quot;:&quot;fadeIn&quot;}\" data-widget_type=\"heading.default\">\n\t\t\t\t<div class=\"elementor-widget-container\">\n\t\t\t\t\t<h2 class=\"elementor-heading-title elementor-size-default\">05<\/h2>\t\t\t\t<\/div>\n\t\t\t\t<\/div>\n\t\t\t\t<div class=\"elementor-element elementor-element-18284ce animated-slow elementor-invisible elementor-widget elementor-widget-text-editor\" data-id=\"18284ce\" data-element_type=\"widget\" data-settings=\"{&quot;_animation&quot;:&quot;fadeIn&quot;}\" data-widget_type=\"text-editor.default\">\n\t\t\t\t<div class=\"elementor-widget-container\">\n\t\t\t\t\t\t\t\t\tPrise en charge globale, y compris la coordination avec les services cantonaux et l'ex\u00e9cution des t\u00e2ches administratives y aff\u00e9rentes.\t\t\t\t\t\t\t\t<\/div>\n\t\t\t\t<\/div>\n\t\t\t\t<\/div>\n\t\t\t\t<\/div>\n\t\t<div class=\"elementor-element elementor-element-b375014 e-con-full e-flex e-con e-child\" data-id=\"b375014\" data-element_type=\"container\">\n\t\t\t\t<div class=\"elementor-element elementor-element-032e376 elementor-widget elementor-widget-text-editor\" data-id=\"032e376\" data-element_type=\"widget\" data-widget_type=\"text-editor.default\">\n\t\t\t\t<div class=\"elementor-widget-container\">\n\t\t\t\t\t\t\t\t\t<p>Gr\u00e2ce \u00e0 ce soutien global, vous b\u00e9n\u00e9ficiez d'un all\u00e8gement significatif dans cette phase de changement exigeante.<\/p>\t\t\t\t\t\t\t\t<\/div>\n\t\t\t\t<\/div>\n\t\t\t\t<\/div>\n\t\t\t\t<\/div>\n\t\t\t\t<\/div>","protected":false},"excerpt":{"rendered":"<p>02 \/ Care-Begleitung. Jeder Mensch reagiert unterschiedlich auf Ver\u00e4nderungen. Daraus resultieren auch individuelle Bed\u00fcrfnisse an die Ausgestaltung der Betreuung. Als neutraler Partner stehen wir Ihnen und den Betroffenen mit unserem Care-Team beim unmittelbaren K\u00fcndigungsprozess vor Ort zur Seite. 01 \/ Planung 02 \/ Care-Begleitung 03 \/ Newplacement Um der Einzigartigkeit der einzelnen Mitarbeitenden gerecht zu [&hellip;]<\/p>\n","protected":false},"author":2,"featured_media":0,"parent":0,"menu_order":0,"comment_status":"closed","ping_status":"closed","template":"","meta":{"_acf_changed":false,"footnotes":""},"class_list":["post-4390","page","type-page","status-publish","hentry"],"acf":[],"yoast_head":"<!-- This site is optimized with the Yoast SEO plugin v27.5 - https:\/\/yoast.com\/product\/yoast-seo-wordpress\/ -->\n<title>Das newplace 3-Phasen-Modell: Outplacement Umsetzung &#8226; newplace &#8226;<\/title>\n<meta name=\"description\" content=\"Outplacement Umsetzung im newplace 3-Phasen-Modell: Wir beraten und begleiten Sie als Unternehmen oder Arbeitnehmer professionell.\" \/>\n<meta name=\"robots\" content=\"index, follow, max-snippet:-1, max-image-preview:large, max-video-preview:-1\" \/>\n<link rel=\"canonical\" href=\"https:\/\/newplace.ch\/fr\/umsetzungsphase\/\" \/>\n<meta property=\"og:locale\" content=\"fr_FR\" \/>\n<meta property=\"og:type\" content=\"article\" \/>\n<meta property=\"og:title\" content=\"Das newplace 3-Phasen-Modell: Outplacement Umsetzung &#8226; newplace &#8226;\" \/>\n<meta property=\"og:description\" content=\"Outplacement Umsetzung im newplace 3-Phasen-Modell: Wir beraten und begleiten Sie als Unternehmen oder Arbeitnehmer professionell.\" \/>\n<meta property=\"og:url\" content=\"https:\/\/newplace.ch\/fr\/umsetzungsphase\/\" \/>\n<meta property=\"og:site_name\" content=\"newplace\" \/>\n<meta property=\"article:modified_time\" content=\"2025-03-20T11:11:52+00:00\" \/>\n<meta name=\"twitter:card\" content=\"summary_large_image\" \/>\n<script type=\"application\/ld+json\" class=\"yoast-schema-graph\">{\"@context\":\"https:\\\/\\\/schema.org\",\"@graph\":[{\"@type\":\"WebPage\",\"@id\":\"https:\\\/\\\/newplace.ch\\\/umsetzungsphase\\\/\",\"url\":\"https:\\\/\\\/newplace.ch\\\/umsetzungsphase\\\/\",\"name\":\"Das newplace 3-Phasen-Modell: Outplacement Umsetzung &#8226; newplace &#8226;\",\"isPartOf\":{\"@id\":\"https:\\\/\\\/newplace.ch\\\/#website\"},\"datePublished\":\"2025-03-07T16:17:24+00:00\",\"dateModified\":\"2025-03-20T11:11:52+00:00\",\"description\":\"Outplacement Umsetzung im newplace 3-Phasen-Modell: Wir beraten und begleiten Sie als Unternehmen oder Arbeitnehmer professionell.\",\"breadcrumb\":{\"@id\":\"https:\\\/\\\/newplace.ch\\\/umsetzungsphase\\\/#breadcrumb\"},\"inLanguage\":\"fr-FR\",\"potentialAction\":[{\"@type\":\"ReadAction\",\"target\":[\"https:\\\/\\\/newplace.ch\\\/umsetzungsphase\\\/\"]}]},{\"@type\":\"BreadcrumbList\",\"@id\":\"https:\\\/\\\/newplace.ch\\\/umsetzungsphase\\\/#breadcrumb\",\"itemListElement\":[{\"@type\":\"ListItem\",\"position\":1,\"name\":\"Startseite\",\"item\":\"https:\\\/\\\/newplace.ch\\\/\"},{\"@type\":\"ListItem\",\"position\":2,\"name\":\"Outplacement Umsetzung &#8211; Outplacement Umsetzungsphase\"}]},{\"@type\":\"WebSite\",\"@id\":\"https:\\\/\\\/newplace.ch\\\/#website\",\"url\":\"https:\\\/\\\/newplace.ch\\\/\",\"name\":\"newplace\",\"description\":\"\",\"publisher\":{\"@id\":\"https:\\\/\\\/newplace.ch\\\/#organization\"},\"potentialAction\":[{\"@type\":\"SearchAction\",\"target\":{\"@type\":\"EntryPoint\",\"urlTemplate\":\"https:\\\/\\\/newplace.ch\\\/?s={search_term_string}\"},\"query-input\":{\"@type\":\"PropertyValueSpecification\",\"valueRequired\":true,\"valueName\":\"search_term_string\"}}],\"inLanguage\":\"fr-FR\"},{\"@type\":\"Organization\",\"@id\":\"https:\\\/\\\/newplace.ch\\\/#organization\",\"name\":\"newplace AG\",\"url\":\"https:\\\/\\\/newplace.ch\\\/\",\"logo\":{\"@type\":\"ImageObject\",\"inLanguage\":\"fr-FR\",\"@id\":\"https:\\\/\\\/newplace.ch\\\/#\\\/schema\\\/logo\\\/image\\\/\",\"url\":\"https:\\\/\\\/newplace.ch\\\/wp-content\\\/uploads\\\/2025\\\/02\\\/newplace.svg\",\"contentUrl\":\"https:\\\/\\\/newplace.ch\\\/wp-content\\\/uploads\\\/2025\\\/02\\\/newplace.svg\",\"width\":345,\"height\":120,\"caption\":\"newplace AG\"},\"image\":{\"@id\":\"https:\\\/\\\/newplace.ch\\\/#\\\/schema\\\/logo\\\/image\\\/\"},\"sameAs\":[\"https:\\\/\\\/www.linkedin.com\\\/company\\\/newplace-ag\"]}]}<\/script>\n<!-- \/ Yoast SEO plugin. -->","yoast_head_json":{"title":"Das newplace 3-Phasen-Modell: Outplacement Umsetzung &#8226; newplace &#8226;","description":"Outplacement Umsetzung im newplace 3-Phasen-Modell: Wir beraten und begleiten Sie als Unternehmen oder Arbeitnehmer professionell.","robots":{"index":"index","follow":"follow","max-snippet":"max-snippet:-1","max-image-preview":"max-image-preview:large","max-video-preview":"max-video-preview:-1"},"canonical":"https:\/\/newplace.ch\/fr\/umsetzungsphase\/","og_locale":"fr_FR","og_type":"article","og_title":"Das newplace 3-Phasen-Modell: Outplacement Umsetzung &#8226; newplace &#8226;","og_description":"Outplacement Umsetzung im newplace 3-Phasen-Modell: Wir beraten und begleiten Sie als Unternehmen oder Arbeitnehmer professionell.","og_url":"https:\/\/newplace.ch\/fr\/umsetzungsphase\/","og_site_name":"newplace","article_modified_time":"2025-03-20T11:11:52+00:00","twitter_card":"summary_large_image","schema":{"@context":"https:\/\/schema.org","@graph":[{"@type":"WebPage","@id":"https:\/\/newplace.ch\/umsetzungsphase\/","url":"https:\/\/newplace.ch\/umsetzungsphase\/","name":"Das newplace 3-Phasen-Modell: Outplacement Umsetzung &#8226; newplace &#8226;","isPartOf":{"@id":"https:\/\/newplace.ch\/#website"},"datePublished":"2025-03-07T16:17:24+00:00","dateModified":"2025-03-20T11:11:52+00:00","description":"Outplacement Umsetzung im newplace 3-Phasen-Modell: Wir beraten und begleiten Sie als Unternehmen oder Arbeitnehmer professionell.","breadcrumb":{"@id":"https:\/\/newplace.ch\/umsetzungsphase\/#breadcrumb"},"inLanguage":"fr-FR","potentialAction":[{"@type":"ReadAction","target":["https:\/\/newplace.ch\/umsetzungsphase\/"]}]},{"@type":"BreadcrumbList","@id":"https:\/\/newplace.ch\/umsetzungsphase\/#breadcrumb","itemListElement":[{"@type":"ListItem","position":1,"name":"Startseite","item":"https:\/\/newplace.ch\/"},{"@type":"ListItem","position":2,"name":"Outplacement Umsetzung &#8211; Outplacement Umsetzungsphase"}]},{"@type":"WebSite","@id":"https:\/\/newplace.ch\/#website","url":"https:\/\/newplace.ch\/","name":"newplace","description":"","publisher":{"@id":"https:\/\/newplace.ch\/#organization"},"potentialAction":[{"@type":"SearchAction","target":{"@type":"EntryPoint","urlTemplate":"https:\/\/newplace.ch\/?s={search_term_string}"},"query-input":{"@type":"PropertyValueSpecification","valueRequired":true,"valueName":"search_term_string"}}],"inLanguage":"fr-FR"},{"@type":"Organization","@id":"https:\/\/newplace.ch\/#organization","name":"newplace AG","url":"https:\/\/newplace.ch\/","logo":{"@type":"ImageObject","inLanguage":"fr-FR","@id":"https:\/\/newplace.ch\/#\/schema\/logo\/image\/","url":"https:\/\/newplace.ch\/wp-content\/uploads\/2025\/02\/newplace.svg","contentUrl":"https:\/\/newplace.ch\/wp-content\/uploads\/2025\/02\/newplace.svg","width":345,"height":120,"caption":"newplace AG"},"image":{"@id":"https:\/\/newplace.ch\/#\/schema\/logo\/image\/"},"sameAs":["https:\/\/www.linkedin.com\/company\/newplace-ag"]}]}},"_links":{"self":[{"href":"https:\/\/newplace.ch\/fr\/wp-json\/wp\/v2\/pages\/4390","targetHints":{"allow":["GET"]}}],"collection":[{"href":"https:\/\/newplace.ch\/fr\/wp-json\/wp\/v2\/pages"}],"about":[{"href":"https:\/\/newplace.ch\/fr\/wp-json\/wp\/v2\/types\/page"}],"author":[{"embeddable":true,"href":"https:\/\/newplace.ch\/fr\/wp-json\/wp\/v2\/users\/2"}],"replies":[{"embeddable":true,"href":"https:\/\/newplace.ch\/fr\/wp-json\/wp\/v2\/comments?post=4390"}],"version-history":[{"count":17,"href":"https:\/\/newplace.ch\/fr\/wp-json\/wp\/v2\/pages\/4390\/revisions"}],"predecessor-version":[{"id":4942,"href":"https:\/\/newplace.ch\/fr\/wp-json\/wp\/v2\/pages\/4390\/revisions\/4942"}],"wp:attachment":[{"href":"https:\/\/newplace.ch\/fr\/wp-json\/wp\/v2\/media?parent=4390"}],"curies":[{"name":"wp","href":"https:\/\/api.w.org\/{rel}","templated":true}]}}