{"id":4388,"date":"2025-03-07T16:17:00","date_gmt":"2025-03-07T16:17:00","guid":{"rendered":"https:\/\/newplace.ch\/?page_id=4388"},"modified":"2025-03-20T11:03:05","modified_gmt":"2025-03-20T11:03:05","slug":"planungsphase","status":"publish","type":"page","link":"https:\/\/newplace.ch\/fr\/planungsphase\/","title":{"rendered":"Planification de l'outplacement - Phase de planification de l'outplacement"},"content":{"rendered":"<div data-elementor-type=\"wp-page\" data-elementor-id=\"4388\" class=\"elementor elementor-4388\" data-elementor-post-type=\"page\">\n\t\t\t\t<div class=\"elementor-element elementor-element-4de0239 e-con-full e-flex e-con e-parent\" data-id=\"4de0239\" data-element_type=\"container\" data-settings=\"{&quot;background_background&quot;:&quot;classic&quot;}\">\n\t\t<div class=\"elementor-element elementor-element-91a9c6a e-con-full e-flex e-con e-child\" data-id=\"91a9c6a\" data-element_type=\"container\">\n\t\t<div class=\"elementor-element elementor-element-58de710 e-con-full e-flex e-con e-child\" data-id=\"58de710\" data-element_type=\"container\">\n\t\t\t\t<div class=\"elementor-element elementor-element-dfae43d animated-slow elementor-invisible elementor-widget elementor-widget-heading\" data-id=\"dfae43d\" data-element_type=\"widget\" data-settings=\"{&quot;_animation&quot;:&quot;fadeIn&quot;}\" data-widget_type=\"heading.default\">\n\t\t\t\t<div class=\"elementor-widget-container\">\n\t\t\t\t\t<h2 class=\"elementor-heading-title elementor-size-default\"><span style=\"color:#000\">\n\n01 \/ Phase de planification. \n\n<\/span>\n\nPlus une entreprise planifie et pr\u00e9pare les processus de changement avec soin et professionnalisme, moins les risques de mise en \u0153uvre et les incertitudes seront importants. Cela permet \u00e9galement de mieux pr\u00e9server l'image de l'entreprise en interne et en externe.<\/h2>\t\t\t\t<\/div>\n\t\t\t\t<\/div>\n\t\t\t\t<div class=\"elementor-element elementor-element-3aa7811 elementor-widget elementor-widget-spacer\" data-id=\"3aa7811\" data-element_type=\"widget\" data-widget_type=\"spacer.default\">\n\t\t\t\t<div class=\"elementor-widget-container\">\n\t\t\t\t\t\t\t<div class=\"elementor-spacer\">\n\t\t\t<div class=\"elementor-spacer-inner\"><\/div>\n\t\t<\/div>\n\t\t\t\t\t\t<\/div>\n\t\t\t\t<\/div>\n\t\t\t\t<\/div>\n\t\t\t\t<\/div>\n\t\t\t\t<div class=\"elementor-element elementor-element-c0de604 elementor-icon-list--layout-inline animated-slow elementor-list-item-link-full_width elementor-invisible elementor-widget elementor-widget-icon-list\" data-id=\"c0de604\" data-element_type=\"widget\" data-settings=\"{&quot;_animation&quot;:&quot;fadeIn&quot;}\" data-widget_type=\"icon-list.default\">\n\t\t\t\t<div class=\"elementor-widget-container\">\n\t\t\t\t\t\t\t<ul class=\"elementor-icon-list-items elementor-inline-items\">\n\t\t\t\t\t\t\t<li class=\"elementor-icon-list-item elementor-inline-item\">\n\t\t\t\t\t\t\t\t\t\t\t<a href=\"https:\/\/newplace.ch\/fr\/planungsphase\/\">\n\n\t\t\t\t\t\t\t\t\t\t\t<span class=\"elementor-icon-list-text\">01 \/ Planification<\/span>\n\t\t\t\t\t\t\t\t\t\t\t<\/a>\n\t\t\t\t\t\t\t\t\t<\/li>\n\t\t\t\t\t\t\t\t<li class=\"elementor-icon-list-item elementor-inline-item\">\n\t\t\t\t\t\t\t\t\t\t\t<a href=\"https:\/\/newplace.ch\/fr\/umsetzungsphase\/\">\n\n\t\t\t\t\t\t\t\t\t\t\t<span class=\"elementor-icon-list-text\">02 \/ Accompagnement humain de la s\u00e9paration <\/span>\n\t\t\t\t\t\t\t\t\t\t\t<\/a>\n\t\t\t\t\t\t\t\t\t<\/li>\n\t\t\t\t\t\t\t\t<li class=\"elementor-icon-list-item elementor-inline-item\">\n\t\t\t\t\t\t\t\t\t\t\t<a href=\"https:\/\/newplace.ch\/fr\/outplacement\/\">\n\n\t\t\t\t\t\t\t\t\t\t\t<span class=\"elementor-icon-list-text\">03 \/ Nouveau placement<\/span>\n\t\t\t\t\t\t\t\t\t\t\t<\/a>\n\t\t\t\t\t\t\t\t\t<\/li>\n\t\t\t\t\t\t<\/ul>\n\t\t\t\t\t\t<\/div>\n\t\t\t\t<\/div>\n\t\t\t\t<\/div>\n\t\t<div class=\"elementor-element elementor-element-cc2b290 e-con-full e-flex e-con e-parent\" data-id=\"cc2b290\" data-element_type=\"container\" data-settings=\"{&quot;background_background&quot;:&quot;classic&quot;}\">\n\t\t\t\t<div class=\"elementor-element elementor-element-3ff19db animated-slow elementor-invisible elementor-widget elementor-widget-heading\" data-id=\"3ff19db\" data-element_type=\"widget\" data-settings=\"{&quot;_animation&quot;:&quot;fadeIn&quot;}\" data-widget_type=\"heading.default\">\n\t\t\t\t<div class=\"elementor-widget-container\">\n\t\t\t\t\t<h2 class=\"elementor-heading-title elementor-size-default\">Concr\u00e8tement, il s'agit de r\u00e9pondre aux questions suivantes.<\/h2>\t\t\t\t<\/div>\n\t\t\t\t<\/div>\n\t\t<div class=\"elementor-element elementor-element-0e3a765 e-con-full e-flex e-con e-child\" data-id=\"0e3a765\" data-element_type=\"container\">\n\t\t<div class=\"elementor-element elementor-element-4c15ba7 e-con-full e-flex e-con e-child\" data-id=\"4c15ba7\" data-element_type=\"container\">\n\t\t\t\t<div class=\"elementor-element elementor-element-0ac395c animated-slow elementor-invisible elementor-widget elementor-widget-heading\" data-id=\"0ac395c\" data-element_type=\"widget\" data-settings=\"{&quot;_animation&quot;:&quot;fadeIn&quot;}\" data-widget_type=\"heading.default\">\n\t\t\t\t<div class=\"elementor-widget-container\">\n\t\t\t\t\t<h2 class=\"elementor-heading-title elementor-size-default\">01<\/h2>\t\t\t\t<\/div>\n\t\t\t\t<\/div>\n\t\t\t\t<div class=\"elementor-element elementor-element-d93c2e1 animated-slow elementor-invisible elementor-widget elementor-widget-text-editor\" data-id=\"d93c2e1\" data-element_type=\"widget\" data-settings=\"{&quot;_animation&quot;:&quot;fadeIn&quot;}\" data-widget_type=\"text-editor.default\">\n\t\t\t\t<div class=\"elementor-widget-container\">\n\t\t\t\t\t\t\t\t\t<p>De quelles ressources humaines et de quel savoir-faire avons-nous besoin pendant et apr\u00e8s le processus de r\u00e9organisation afin de remplir nos obligations et d'assurer durablement l'existence de l'entreprise avec les collaborateurs restants ?<\/p>\t\t\t\t\t\t\t\t<\/div>\n\t\t\t\t<\/div>\n\t\t\t\t<\/div>\n\t\t<div class=\"elementor-element elementor-element-c49beb0 e-con-full e-flex e-con e-child\" data-id=\"c49beb0\" data-element_type=\"container\">\n\t\t\t\t<div class=\"elementor-element elementor-element-35a5edd animated-slow elementor-invisible elementor-widget elementor-widget-heading\" data-id=\"35a5edd\" data-element_type=\"widget\" data-settings=\"{&quot;_animation&quot;:&quot;fadeIn&quot;}\" data-widget_type=\"heading.default\">\n\t\t\t\t<div class=\"elementor-widget-container\">\n\t\t\t\t\t<h2 class=\"elementor-heading-title elementor-size-default\">02<\/h2>\t\t\t\t<\/div>\n\t\t\t\t<\/div>\n\t\t\t\t<div class=\"elementor-element elementor-element-f18e236 animated-slow elementor-invisible elementor-widget elementor-widget-text-editor\" data-id=\"f18e236\" data-element_type=\"widget\" data-settings=\"{&quot;_animation&quot;:&quot;fadeIn&quot;}\" data-widget_type=\"text-editor.default\">\n\t\t\t\t<div class=\"elementor-widget-container\">\n\t\t\t\t\t\t\t\t\t<p>Quelle est la marge de man\u0153uvre dont nous disposons dans le cadre des dispositions l\u00e9gales et contractuelles existantes ?<\/p>\t\t\t\t\t\t\t\t<\/div>\n\t\t\t\t<\/div>\n\t\t\t\t<\/div>\n\t\t\t\t<\/div>\n\t\t<div class=\"elementor-element elementor-element-9a5f606 e-con-full e-flex e-con e-child\" data-id=\"9a5f606\" data-element_type=\"container\">\n\t\t<div class=\"elementor-element elementor-element-6298e5f e-con-full e-flex e-con e-child\" data-id=\"6298e5f\" data-element_type=\"container\">\n\t\t\t\t<div class=\"elementor-element elementor-element-1620362 animated-slow elementor-invisible elementor-widget elementor-widget-heading\" data-id=\"1620362\" data-element_type=\"widget\" data-settings=\"{&quot;_animation&quot;:&quot;fadeIn&quot;}\" data-widget_type=\"heading.default\">\n\t\t\t\t<div class=\"elementor-widget-container\">\n\t\t\t\t\t<h2 class=\"elementor-heading-title elementor-size-default\">03<\/h2>\t\t\t\t<\/div>\n\t\t\t\t<\/div>\n\t\t\t\t<div class=\"elementor-element elementor-element-225bc46 animated-slow elementor-invisible elementor-widget elementor-widget-text-editor\" data-id=\"225bc46\" data-element_type=\"widget\" data-settings=\"{&quot;_animation&quot;:&quot;fadeIn&quot;}\" data-widget_type=\"text-editor.default\">\n\t\t\t\t<div class=\"elementor-widget-container\">\n\t\t\t\t\t\t\t\t\tQuelles sont les ressources impliqu\u00e9es dans le projet de r\u00e9organisation, qui en assume la direction et la responsabilit\u00e9 ? Quelles sont les interfaces \u00e0 clarifier ?\t\t\t\t\t\t\t\t<\/div>\n\t\t\t\t<\/div>\n\t\t\t\t<\/div>\n\t\t<div class=\"elementor-element elementor-element-b5c2710 e-con-full e-flex e-con e-child\" data-id=\"b5c2710\" data-element_type=\"container\">\n\t\t\t\t<div class=\"elementor-element elementor-element-18538b1 animated-slow elementor-invisible elementor-widget elementor-widget-heading\" data-id=\"18538b1\" data-element_type=\"widget\" data-settings=\"{&quot;_animation&quot;:&quot;fadeIn&quot;}\" data-widget_type=\"heading.default\">\n\t\t\t\t<div class=\"elementor-widget-container\">\n\t\t\t\t\t<h2 class=\"elementor-heading-title elementor-size-default\">04<\/h2>\t\t\t\t<\/div>\n\t\t\t\t<\/div>\n\t\t\t\t<div class=\"elementor-element elementor-element-46bb05d animated-slow elementor-invisible elementor-widget elementor-widget-text-editor\" data-id=\"46bb05d\" data-element_type=\"widget\" data-settings=\"{&quot;_animation&quot;:&quot;fadeIn&quot;}\" data-widget_type=\"text-editor.default\">\n\t\t\t\t<div class=\"elementor-widget-container\">\n\t\t\t\t\t\t\t\t\t<p>Nos responsables de conduite sont-ils pr\u00e9par\u00e9s \u00e0 la mission qu'ils doivent accomplir ?<\/p>\t\t\t\t\t\t\t\t<\/div>\n\t\t\t\t<\/div>\n\t\t\t\t<\/div>\n\t\t\t\t<\/div>\n\t\t<div class=\"elementor-element elementor-element-beb2bc6 e-con-full e-flex e-con e-child\" data-id=\"beb2bc6\" data-element_type=\"container\">\n\t\t<div class=\"elementor-element elementor-element-6c7c414 e-con-full e-flex e-con e-child\" data-id=\"6c7c414\" data-element_type=\"container\">\n\t\t\t\t<div class=\"elementor-element elementor-element-acc70af animated-slow elementor-invisible elementor-widget elementor-widget-heading\" data-id=\"acc70af\" data-element_type=\"widget\" data-settings=\"{&quot;_animation&quot;:&quot;fadeIn&quot;}\" data-widget_type=\"heading.default\">\n\t\t\t\t<div class=\"elementor-widget-container\">\n\t\t\t\t\t<h2 class=\"elementor-heading-title elementor-size-default\">05<\/h2>\t\t\t\t<\/div>\n\t\t\t\t<\/div>\n\t\t\t\t<div class=\"elementor-element elementor-element-73a33f6 animated-slow elementor-invisible elementor-widget elementor-widget-text-editor\" data-id=\"73a33f6\" data-element_type=\"widget\" data-settings=\"{&quot;_animation&quot;:&quot;fadeIn&quot;}\" data-widget_type=\"text-editor.default\">\n\t\t\t\t<div class=\"elementor-widget-container\">\n\t\t\t\t\t\t\t\t\tQuel est notre plan de communication pour le projet ? Qui assume la responsabilit\u00e9 de la communication interne ? Qui est responsable de la communication externe ? Pour les m\u00e9dias ?\t\t\t\t\t\t\t\t<\/div>\n\t\t\t\t<\/div>\n\t\t\t\t<\/div>\n\t\t<div class=\"elementor-element elementor-element-a8697ae e-con-full e-flex e-con e-child\" data-id=\"a8697ae\" data-element_type=\"container\">\n\t\t\t\t<div class=\"elementor-element elementor-element-8c5862a animated-slow elementor-invisible elementor-widget elementor-widget-heading\" data-id=\"8c5862a\" data-element_type=\"widget\" data-settings=\"{&quot;_animation&quot;:&quot;fadeIn&quot;}\" data-widget_type=\"heading.default\">\n\t\t\t\t<div class=\"elementor-widget-container\">\n\t\t\t\t\t<h2 class=\"elementor-heading-title elementor-size-default\">06<\/h2>\t\t\t\t<\/div>\n\t\t\t\t<\/div>\n\t\t\t\t<div class=\"elementor-element elementor-element-7f55b2b animated-slow elementor-invisible elementor-widget elementor-widget-text-editor\" data-id=\"7f55b2b\" data-element_type=\"widget\" data-settings=\"{&quot;_animation&quot;:&quot;fadeIn&quot;}\" data-widget_type=\"text-editor.default\">\n\t\t\t\t<div class=\"elementor-widget-container\">\n\t\t\t\t\t\t\t\t\tQuelles sont les dispositions l\u00e9gales et contractuelles \u00e0 prendre en compte dans la d\u00e9marche ?\t\t\t\t\t\t\t\t<\/div>\n\t\t\t\t<\/div>\n\t\t\t\t<\/div>\n\t\t\t\t<\/div>\n\t\t\t\t<\/div>\n\t\t\t\t<\/div>","protected":false},"excerpt":{"rendered":"<p>01 \/ Phase de planification. Plus une entreprise planifie et pr\u00e9pare les processus de changement avec soin et professionnalisme, plus les risques de mise en \u0153uvre et les incertitudes seront r\u00e9duits. Cela permet \u00e9galement de mieux pr\u00e9server l'image de l'entreprise en interne et en externe. 01 \/ Planification 02 \/ Accompagnement de care 03 \/ Newplacement Concr\u00e8tement, il s'agit de r\u00e9pondre aux questions suivantes. 01 De quelles ressources humaines et de quel savoir-faire ont besoin [...] ?<\/p>","protected":false},"author":2,"featured_media":0,"parent":0,"menu_order":0,"comment_status":"closed","ping_status":"closed","template":"","meta":{"_acf_changed":false,"footnotes":""},"class_list":["post-4388","page","type-page","status-publish","hentry"],"acf":[],"yoast_head":"<!-- This site is optimized with the Yoast SEO plugin v24.7 - https:\/\/yoast.com\/wordpress\/plugins\/seo\/ -->\n<title>Das newplace 3-Phasen-Modell: Outplacement Planung &#8226; newplace &#8226;<\/title>\n<meta name=\"description\" content=\"Outplacement Planung im newplace 3-Phasen-Modell: Wir beraten und begleiten Sie als Unternehmen oder Arbeitnehmer professionell.\" \/>\n<meta name=\"robots\" content=\"index, follow, max-snippet:-1, max-image-preview:large, max-video-preview:-1\" \/>\n<link rel=\"canonical\" href=\"https:\/\/newplace.ch\/fr\/planungsphase\/\" \/>\n<meta property=\"og:locale\" content=\"fr_FR\" \/>\n<meta property=\"og:type\" content=\"article\" \/>\n<meta property=\"og:title\" content=\"Das newplace 3-Phasen-Modell: Outplacement Planung &#8226; newplace &#8226;\" \/>\n<meta property=\"og:description\" content=\"Outplacement Planung im newplace 3-Phasen-Modell: Wir beraten und begleiten Sie als Unternehmen oder Arbeitnehmer professionell.\" \/>\n<meta property=\"og:url\" content=\"https:\/\/newplace.ch\/fr\/planungsphase\/\" \/>\n<meta property=\"og:site_name\" content=\"newplace\" \/>\n<meta property=\"article:modified_time\" content=\"2025-03-20T11:03:05+00:00\" \/>\n<meta name=\"twitter:card\" content=\"summary_large_image\" \/>\n<script type=\"application\/ld+json\" class=\"yoast-schema-graph\">{\"@context\":\"https:\/\/schema.org\",\"@graph\":[{\"@type\":\"WebPage\",\"@id\":\"https:\/\/newplace.ch\/planungsphase\/\",\"url\":\"https:\/\/newplace.ch\/planungsphase\/\",\"name\":\"Das newplace 3-Phasen-Modell: Outplacement Planung &#8226; newplace &#8226;\",\"isPartOf\":{\"@id\":\"https:\/\/newplace.ch\/#website\"},\"datePublished\":\"2025-03-07T16:17:00+00:00\",\"dateModified\":\"2025-03-20T11:03:05+00:00\",\"description\":\"Outplacement Planung im newplace 3-Phasen-Modell: Wir beraten und begleiten Sie als Unternehmen oder Arbeitnehmer professionell.\",\"breadcrumb\":{\"@id\":\"https:\/\/newplace.ch\/planungsphase\/#breadcrumb\"},\"inLanguage\":\"fr-FR\",\"potentialAction\":[{\"@type\":\"ReadAction\",\"target\":[\"https:\/\/newplace.ch\/planungsphase\/\"]}]},{\"@type\":\"BreadcrumbList\",\"@id\":\"https:\/\/newplace.ch\/planungsphase\/#breadcrumb\",\"itemListElement\":[{\"@type\":\"ListItem\",\"position\":1,\"name\":\"Startseite\",\"item\":\"https:\/\/newplace.ch\/\"},{\"@type\":\"ListItem\",\"position\":2,\"name\":\"Outplacement Planung &#8211; Outplacement Planungsphase\"}]},{\"@type\":\"WebSite\",\"@id\":\"https:\/\/newplace.ch\/#website\",\"url\":\"https:\/\/newplace.ch\/\",\"name\":\"newplace\",\"description\":\"\",\"publisher\":{\"@id\":\"https:\/\/newplace.ch\/#organization\"},\"potentialAction\":[{\"@type\":\"SearchAction\",\"target\":{\"@type\":\"EntryPoint\",\"urlTemplate\":\"https:\/\/newplace.ch\/?s={search_term_string}\"},\"query-input\":{\"@type\":\"PropertyValueSpecification\",\"valueRequired\":true,\"valueName\":\"search_term_string\"}}],\"inLanguage\":\"fr-FR\"},{\"@type\":\"Organization\",\"@id\":\"https:\/\/newplace.ch\/#organization\",\"name\":\"newplace AG\",\"url\":\"https:\/\/newplace.ch\/\",\"logo\":{\"@type\":\"ImageObject\",\"inLanguage\":\"fr-FR\",\"@id\":\"https:\/\/newplace.ch\/#\/schema\/logo\/image\/\",\"url\":\"https:\/\/newplace.ch\/wp-content\/uploads\/2025\/02\/newplace.svg\",\"contentUrl\":\"https:\/\/newplace.ch\/wp-content\/uploads\/2025\/02\/newplace.svg\",\"width\":345,\"height\":120,\"caption\":\"newplace AG\"},\"image\":{\"@id\":\"https:\/\/newplace.ch\/#\/schema\/logo\/image\/\"},\"sameAs\":[\"https:\/\/www.linkedin.com\/company\/newplace-ag\"]}]}<\/script>\n<!-- \/ Yoast SEO plugin. -->","yoast_head_json":{"title":"Das newplace 3-Phasen-Modell: Outplacement Planung &#8226; newplace &#8226;","description":"Outplacement Planung im newplace 3-Phasen-Modell: Wir beraten und begleiten Sie als Unternehmen oder Arbeitnehmer professionell.","robots":{"index":"index","follow":"follow","max-snippet":"max-snippet:-1","max-image-preview":"max-image-preview:large","max-video-preview":"max-video-preview:-1"},"canonical":"https:\/\/newplace.ch\/fr\/planungsphase\/","og_locale":"fr_FR","og_type":"article","og_title":"Das newplace 3-Phasen-Modell: Outplacement Planung &#8226; newplace &#8226;","og_description":"Outplacement Planung im newplace 3-Phasen-Modell: Wir beraten und begleiten Sie als Unternehmen oder Arbeitnehmer professionell.","og_url":"https:\/\/newplace.ch\/fr\/planungsphase\/","og_site_name":"newplace","article_modified_time":"2025-03-20T11:03:05+00:00","twitter_card":"summary_large_image","schema":{"@context":"https:\/\/schema.org","@graph":[{"@type":"WebPage","@id":"https:\/\/newplace.ch\/planungsphase\/","url":"https:\/\/newplace.ch\/planungsphase\/","name":"Das newplace 3-Phasen-Modell: Outplacement Planung &#8226; newplace &#8226;","isPartOf":{"@id":"https:\/\/newplace.ch\/#website"},"datePublished":"2025-03-07T16:17:00+00:00","dateModified":"2025-03-20T11:03:05+00:00","description":"Outplacement Planung im newplace 3-Phasen-Modell: Wir beraten und begleiten Sie als Unternehmen oder Arbeitnehmer professionell.","breadcrumb":{"@id":"https:\/\/newplace.ch\/planungsphase\/#breadcrumb"},"inLanguage":"fr-FR","potentialAction":[{"@type":"ReadAction","target":["https:\/\/newplace.ch\/planungsphase\/"]}]},{"@type":"BreadcrumbList","@id":"https:\/\/newplace.ch\/planungsphase\/#breadcrumb","itemListElement":[{"@type":"ListItem","position":1,"name":"Startseite","item":"https:\/\/newplace.ch\/"},{"@type":"ListItem","position":2,"name":"Outplacement Planung &#8211; Outplacement Planungsphase"}]},{"@type":"WebSite","@id":"https:\/\/newplace.ch\/#website","url":"https:\/\/newplace.ch\/","name":"newplace","description":"","publisher":{"@id":"https:\/\/newplace.ch\/#organization"},"potentialAction":[{"@type":"SearchAction","target":{"@type":"EntryPoint","urlTemplate":"https:\/\/newplace.ch\/?s={search_term_string}"},"query-input":{"@type":"PropertyValueSpecification","valueRequired":true,"valueName":"search_term_string"}}],"inLanguage":"fr-FR"},{"@type":"Organization","@id":"https:\/\/newplace.ch\/#organization","name":"newplace AG","url":"https:\/\/newplace.ch\/","logo":{"@type":"ImageObject","inLanguage":"fr-FR","@id":"https:\/\/newplace.ch\/#\/schema\/logo\/image\/","url":"https:\/\/newplace.ch\/wp-content\/uploads\/2025\/02\/newplace.svg","contentUrl":"https:\/\/newplace.ch\/wp-content\/uploads\/2025\/02\/newplace.svg","width":345,"height":120,"caption":"newplace AG"},"image":{"@id":"https:\/\/newplace.ch\/#\/schema\/logo\/image\/"},"sameAs":["https:\/\/www.linkedin.com\/company\/newplace-ag"]}]}},"_links":{"self":[{"href":"https:\/\/newplace.ch\/fr\/wp-json\/wp\/v2\/pages\/4388","targetHints":{"allow":["GET"]}}],"collection":[{"href":"https:\/\/newplace.ch\/fr\/wp-json\/wp\/v2\/pages"}],"about":[{"href":"https:\/\/newplace.ch\/fr\/wp-json\/wp\/v2\/types\/page"}],"author":[{"embeddable":true,"href":"https:\/\/newplace.ch\/fr\/wp-json\/wp\/v2\/users\/2"}],"replies":[{"embeddable":true,"href":"https:\/\/newplace.ch\/fr\/wp-json\/wp\/v2\/comments?post=4388"}],"version-history":[{"count":20,"href":"https:\/\/newplace.ch\/fr\/wp-json\/wp\/v2\/pages\/4388\/revisions"}],"predecessor-version":[{"id":4941,"href":"https:\/\/newplace.ch\/fr\/wp-json\/wp\/v2\/pages\/4388\/revisions\/4941"}],"wp:attachment":[{"href":"https:\/\/newplace.ch\/fr\/wp-json\/wp\/v2\/media?parent=4388"}],"curies":[{"name":"wp","href":"https:\/\/api.w.org\/{rel}","templated":true}]}}