{"id":17,"date":"2025-02-27T13:24:35","date_gmt":"2025-02-27T13:24:35","guid":{"rendered":"https:\/\/newplace.ch\/?page_id=17"},"modified":"2025-03-20T10:58:06","modified_gmt":"2025-03-20T10:58:06","slug":"news","status":"publish","type":"page","link":"https:\/\/newplace.ch\/fr\/news\/","title":{"rendered":"Actualit\u00e9s"},"content":{"rendered":"<div data-elementor-type=\"wp-page\" data-elementor-id=\"17\" class=\"elementor elementor-17\" data-elementor-post-type=\"page\">\n\t\t\t\t<div class=\"elementor-element elementor-element-a70d889 e-con-full e-flex e-con e-parent\" data-id=\"a70d889\" data-element_type=\"container\" data-settings=\"{&quot;background_background&quot;:&quot;classic&quot;}\">\n\t\t\t\t<div class=\"elementor-element elementor-element-4392a3c animated-slow elementor-invisible elementor-widget elementor-widget-heading\" data-id=\"4392a3c\" data-element_type=\"widget\" data-settings=\"{&quot;_animation&quot;:&quot;fadeIn&quot;}\" data-widget_type=\"heading.default\">\n\t\t\t\t<div class=\"elementor-widget-container\">\n\t\t\t\t\t<h2 class=\"elementor-heading-title elementor-size-default\">Actualit\u00e9s<\/h2>\t\t\t\t<\/div>\n\t\t\t\t<\/div>\n\t\t\t\t<div class=\"elementor-element elementor-element-5d29975 elementor-posts--thumbnail-none elementor-grid-3 elementor-grid-tablet-2 elementor-grid-mobile-1 elementor-widget elementor-widget-posts\" data-id=\"5d29975\" data-element_type=\"widget\" data-settings=\"{&quot;classic_row_gap&quot;:{&quot;unit&quot;:&quot;px&quot;,&quot;size&quot;:40,&quot;sizes&quot;:[]},&quot;pagination_type&quot;:&quot;load_more_infinite_scroll&quot;,&quot;classic_columns&quot;:&quot;3&quot;,&quot;classic_columns_tablet&quot;:&quot;2&quot;,&quot;classic_columns_mobile&quot;:&quot;1&quot;,&quot;classic_row_gap_tablet&quot;:{&quot;unit&quot;:&quot;px&quot;,&quot;size&quot;:&quot;&quot;,&quot;sizes&quot;:[]},&quot;classic_row_gap_mobile&quot;:{&quot;unit&quot;:&quot;px&quot;,&quot;size&quot;:&quot;&quot;,&quot;sizes&quot;:[]},&quot;load_more_spinner&quot;:{&quot;value&quot;:&quot;fas fa-spinner&quot;,&quot;library&quot;:&quot;fa-solid&quot;}}\" data-widget_type=\"posts.classic\">\n\t\t\t\t<div class=\"elementor-widget-container\">\n\t\t\t\t\t\t\t<div class=\"elementor-posts-container elementor-posts elementor-posts--skin-classic elementor-grid\">\n\t\t\t\t<article class=\"elementor-post elementor-grid-item post-5480 post type-post status-publish format-standard hentry category-uncategorized tag-kuendigungen tag-survivors\">\n\t\t\t\t<div class=\"elementor-post__text\">\n\t\t\t\t<h3 class=\"elementor-post__title\">\n\t\t\t<a href=\"https:\/\/newplace.ch\/fr\/massenentlassungen-meistern-rechtssicher-fair-und-menschlich\/\" >\n\t\t\t\tMa\u00eetriser les licenciements collectifs : juridiquement s\u00fbr, \u00e9quitable - et humain\t\t\t<\/a>\n\t\t<\/h3>\n\t\t\t\t<div class=\"elementor-post__excerpt\">\n\t\t\t<p>Un article de Michael Hasler dans HR Profi Les licenciements collectifs sont aussi une r\u00e9alit\u00e9 en Suisse. D'autant plus important<\/p>\n\t\t<\/div>\n\t\t\n\t\t<a class=\"elementor-post__read-more\" href=\"https:\/\/newplace.ch\/fr\/massenentlassungen-meistern-rechtssicher-fair-und-menschlich\/\" aria-label=\"En savoir plus sur Massenentlassungen meistern: rechtssicher, fair \u2013 und menschlich\" tabindex=\"-1\" >\n\t\t\tLire la suite \"\t\t<\/a>\n\n\t\t\t\t<\/div>\n\t\t\t\t<\/article>\n\t\t\t\t<article class=\"elementor-post elementor-grid-item post-5435 post type-post status-publish format-standard hentry category-uncategorized tag-kuendigungen tag-survivors\">\n\t\t\t\t<div class=\"elementor-post__text\">\n\t\t\t\t<h3 class=\"elementor-post__title\">\n\t\t\t<a href=\"https:\/\/newplace.ch\/fr\/eine-kuendigung-zu-verarbeiten-braucht-zeit-und-unterstuetzung\/\" >\n\t\t\t\tFaire face \u00e0 un licenciement demande du temps et du soutien\t\t\t<\/a>\n\t\t<\/h3>\n\t\t\t\t<div class=\"elementor-post__excerpt\">\n\t\t\t<p>Dans deux articles r\u00e9cents, Michael Hasler, directeur de newplace AG, met en lumi\u00e8re la mani\u00e8re dont les gens traitent les licenciements sur le plan \u00e9motionnel et comment ils peuvent s'en sortir.<\/p>\n\t\t<\/div>\n\t\t\n\t\t<a class=\"elementor-post__read-more\" href=\"https:\/\/newplace.ch\/fr\/eine-kuendigung-zu-verarbeiten-braucht-zeit-und-unterstuetzung\/\" aria-label=\"En savoir plus sur Eine K\u00fcndigung zu verarbeiten braucht Zeit und Unterst\u00fctzung\" tabindex=\"-1\" >\n\t\t\tLire la suite \"\t\t<\/a>\n\n\t\t\t\t<\/div>\n\t\t\t\t<\/article>\n\t\t\t\t<article class=\"elementor-post elementor-grid-item post-5380 post type-post status-publish format-standard hentry category-uncategorized tag-kuendigungen tag-survivors\">\n\t\t\t\t<div class=\"elementor-post__text\">\n\t\t\t\t<h3 class=\"elementor-post__title\">\n\t\t\t<a href=\"https:\/\/newplace.ch\/fr\/alles-rund-um-kuendigungen-fibel-trainings-und-massgeschneiderte-workshops-fuer-ihre-unternehmung-copy\/\" >\n\t\t\t\tDe l'adieu au renouveau : quand les s\u00e9parations fa\u00e7onnent l'avenir\t\t\t<\/a>\n\t\t<\/h3>\n\t\t\t\t<div class=\"elementor-post__excerpt\">\n\t\t\t<p>Par Abdullah Redzepi et Michael Hasler dans s\u00fcdostschweizjobs.ch Les s\u00e9parations dans la vie professionnelle ne sont jamais simples. Elles nous mettent au d\u00e9fi<\/p>\n\t\t<\/div>\n\t\t\n\t\t<a class=\"elementor-post__read-more\" href=\"https:\/\/newplace.ch\/fr\/alles-rund-um-kuendigungen-fibel-trainings-und-massgeschneiderte-workshops-fuer-ihre-unternehmung-copy\/\" aria-label=\"En savoir plus sur Vom Abschied zum Aufbruch: Wenn Trennungen Zukunft gestalten\" tabindex=\"-1\" >\n\t\t\tLire la suite \"\t\t<\/a>\n\n\t\t\t\t<\/div>\n\t\t\t\t<\/article>\n\t\t\t\t<article class=\"elementor-post elementor-grid-item post-5365 post type-post status-publish format-standard hentry category-uncategorized tag-kuendigungen tag-survivors\">\n\t\t\t\t<div class=\"elementor-post__text\">\n\t\t\t\t<h3 class=\"elementor-post__title\">\n\t\t\t<a href=\"https:\/\/newplace.ch\/fr\/alles-rund-um-kuendigungen-fibel-trainings-und-massgeschneiderte-workshops-fuer-ihre-unternehmung\/\" >\n\t\t\t\tTout ce qui concerne les licenciements : Guide, formations et ateliers sur mesure pour votre entreprise\t\t\t<\/a>\n\t\t<\/h3>\n\t\t\t\t<div class=\"elementor-post__excerpt\">\n\t\t\t<p>Si vous avez d\u00e9j\u00e0 d\u00fb prononcer un licenciement, vous savez \u00e0 quel point ce moment est exigeant. Il exige<\/p>\n\t\t<\/div>\n\t\t\n\t\t<a class=\"elementor-post__read-more\" href=\"https:\/\/newplace.ch\/fr\/alles-rund-um-kuendigungen-fibel-trainings-und-massgeschneiderte-workshops-fuer-ihre-unternehmung\/\" aria-label=\"En savoir plus sur Alles rund um K\u00fcndigungen: Fibel, Trainings und massgeschneiderte Workshops f\u00fcr Ihre Unternehmung\" tabindex=\"-1\" >\n\t\t\tLire la suite \"\t\t<\/a>\n\n\t\t\t\t<\/div>\n\t\t\t\t<\/article>\n\t\t\t\t<article class=\"elementor-post elementor-grid-item post-5231 post type-post status-publish format-standard hentry category-uncategorized tag-kuendigungen tag-survivors\">\n\t\t\t\t<div class=\"elementor-post__text\">\n\t\t\t\t<h3 class=\"elementor-post__title\">\n\t\t\t<a href=\"https:\/\/newplace.ch\/fr\/veraenderungen-mit-weitblick-mit-einfuehlungsvermoegen-und-planung-erfolgreich-durch-restrukturierungen\/\" >\n\t\t\t\tDes changements avec clairvoyance : R\u00e9ussir les restructurations gr\u00e2ce \u00e0 l'empathie et \u00e0 la planification\t\t\t<\/a>\n\t\t<\/h3>\n\t\t\t\t<div class=\"elementor-post__excerpt\">\n\t\t\t<p>Un article de Michelle Ballmer et Michael Hasler dans HR Profi A une \u00e9poque de changements rapides<\/p>\n\t\t<\/div>\n\t\t\n\t\t<a class=\"elementor-post__read-more\" href=\"https:\/\/newplace.ch\/fr\/veraenderungen-mit-weitblick-mit-einfuehlungsvermoegen-und-planung-erfolgreich-durch-restrukturierungen\/\" aria-label=\"En savoir plus sur Ver\u00e4nderungen mit Weitblick: Mit Einf\u00fchlungsverm\u00f6gen und Planung erfolgreich durch Restrukturierungen\" tabindex=\"-1\" >\n\t\t\tLire la suite \"\t\t<\/a>\n\n\t\t\t\t<\/div>\n\t\t\t\t<\/article>\n\t\t\t\t<article class=\"elementor-post elementor-grid-item post-5215 post type-post status-publish format-standard hentry category-uncategorized tag-konsultationspflicht tag-massenentlassung tag-obligationenrecht\">\n\t\t\t\t<div class=\"elementor-post__text\">\n\t\t\t\t<h3 class=\"elementor-post__title\">\n\t\t\t<a href=\"https:\/\/newplace.ch\/fr\/massenentlassungen-in-der-schweiz-konsultationspflicht-ernst-nehmen\/\" >\n\t\t\t\tPrenez-vous l'obligation de consulter au s\u00e9rieux ?\t\t\t<\/a>\n\t\t<\/h3>\n\t\t\t\t<div class=\"elementor-post__excerpt\">\n\t\t\t<p>En p\u00e9riode de difficult\u00e9s \u00e9conomiques, de nombreuses entreprises se voient contraintes de proc\u00e9der \u00e0 des restructurations ou d'envisager des licenciements collectifs.<\/p>\n\t\t<\/div>\n\t\t\n\t\t<a class=\"elementor-post__read-more\" href=\"https:\/\/newplace.ch\/fr\/massenentlassungen-in-der-schweiz-konsultationspflicht-ernst-nehmen\/\" aria-label=\"En savoir plus sur Nehmen Sie die Konsultationspflicht ernst?\" tabindex=\"-1\" >\n\t\t\tLire la suite \"\t\t<\/a>\n\n\t\t\t\t<\/div>\n\t\t\t\t<\/article>\n\t\t\t\t<article class=\"elementor-post elementor-grid-item post-5154 post type-post status-publish format-standard hentry category-uncategorized\">\n\t\t\t\t<div class=\"elementor-post__text\">\n\t\t\t\t<h3 class=\"elementor-post__title\">\n\t\t\t<a href=\"https:\/\/newplace.ch\/fr\/trennungsprozesse-fair-gestalten\/\" >\n\t\t\t\tRendre les processus de s\u00e9paration \u00e9quitables\t\t\t<\/a>\n\t\t<\/h3>\n\t\t\t\t<div class=\"elementor-post__excerpt\">\n\t\t\t<p>R\u00e9aliser les chances pour les entreprises et les personnes concern\u00e9es. - Article d'Abdullah Redzepi et Michael Hasler dans s\u00fcdostschweizjobs.ch S\u00e9parations<\/p>\n\t\t<\/div>\n\t\t\n\t\t<a class=\"elementor-post__read-more\" href=\"https:\/\/newplace.ch\/fr\/trennungsprozesse-fair-gestalten\/\" aria-label=\"En savoir plus sur Trennungsprozesse fair gestalten\" tabindex=\"-1\" >\n\t\t\tLire la suite \"\t\t<\/a>\n\n\t\t\t\t<\/div>\n\t\t\t\t<\/article>\n\t\t\t\t<article class=\"elementor-post elementor-grid-item post-5148 post type-post status-publish format-standard hentry category-uncategorized\">\n\t\t\t\t<div class=\"elementor-post__text\">\n\t\t\t\t<h3 class=\"elementor-post__title\">\n\t\t\t<a href=\"https:\/\/newplace.ch\/fr\/massenentlassung-in-der-schweiz-das-konsultationsverfahren-korrekt-umsetzen\/\" >\n\t\t\t\tLicenciement collectif en Suisse : mettre en \u0153uvre correctement la proc\u00e9dure de consultation\t\t\t<\/a>\n\t\t<\/h3>\n\t\t\t\t<div class=\"elementor-post__excerpt\">\n\t\t\t<p>En p\u00e9riode de d\u00e9fis \u00e9conomiques, les entreprises sont souvent confront\u00e9es \u00e0 la difficile d\u00e9cision de supprimer des postes. S'il en r\u00e9sulte une<\/p>\n\t\t<\/div>\n\t\t\n\t\t<a class=\"elementor-post__read-more\" href=\"https:\/\/newplace.ch\/fr\/massenentlassung-in-der-schweiz-das-konsultationsverfahren-korrekt-umsetzen\/\" aria-label=\"En savoir plus sur Massenentlassung in der Schweiz: Das Konsultationsverfahren korrekt umsetzen\" tabindex=\"-1\" >\n\t\t\tLire la suite \"\t\t<\/a>\n\n\t\t\t\t<\/div>\n\t\t\t\t<\/article>\n\t\t\t\t<article class=\"elementor-post elementor-grid-item post-4966 post type-post status-publish format-standard hentry category-uncategorized\">\n\t\t\t\t<div class=\"elementor-post__text\">\n\t\t\t\t<h3 class=\"elementor-post__title\">\n\t\t\t<a href=\"https:\/\/newplace.ch\/fr\/mehrwert-durch-trennungen\/\" >\n\t\t\t\tUne valeur ajout\u00e9e lors des licenciements\t\t\t<\/a>\n\t\t<\/h3>\n\t\t\t\t<div class=\"elementor-post__excerpt\">\n\t\t\t<p>Article d'Abdullah Redzepi et de Michael Hasler dans ORGANISATOR Les s\u00e9parations sont rarement faciles, mais elles sont une opportunit\u00e9 pour<\/p>\n\t\t<\/div>\n\t\t\n\t\t<a class=\"elementor-post__read-more\" href=\"https:\/\/newplace.ch\/fr\/mehrwert-durch-trennungen\/\" aria-label=\"En savoir plus sur Mehrwert durch Trennungen\" tabindex=\"-1\" >\n\t\t\tLire la suite \"\t\t<\/a>\n\n\t\t\t\t<\/div>\n\t\t\t\t<\/article>\n\t\t\t\t<\/div>\n\t\t\t\t\t<span class=\"e-load-more-spinner\">\n\t\t\t\t<svg aria-hidden=\"true\" class=\"e-font-icon-svg e-fas-spinner\" viewbox=\"0 0 512 512\" xmlns=\"http:\/\/www.w3.org\/2000\/svg\"><path d=\"M304 48c0 26.51-21.49 48-48 48s-48-21.49-48-48 21.49-48 48-48 48 21.49 48 48zm-48 368c-26.51 0-48 21.49-48 48s21.49 48 48 48 48-21.49 48-48-21.49-48-48-48zm208-208c-26.51 0-48 21.49-48 48s21.49 48 48 48 48-21.49 48-48-21.49-48-48-48zM96 256c0-26.51-21.49-48-48-48S0 229.49 0 256s21.49 48 48 48 48-21.49 48-48zm12.922 99.078c-26.51 0-48 21.49-48 48s21.49 48 48 48 48-21.49 48-48c0-26.509-21.491-48-48-48zm294.156 0c-26.51 0-48 21.49-48 48s21.49 48 48 48 48-21.49 48-48c0-26.509-21.49-48-48-48zM108.922 60.922c-26.51 0-48 21.49-48 48s21.49 48 48 48 48-21.49 48-48-21.491-48-48-48z\"><\/path><\/svg>\t\t\t<\/span>\n\t\t\n\t\t\t\t<div class=\"e-load-more-anchor\" data-page=\"1\" data-max-page=\"7\" data-next-page=\"https:\/\/newplace.ch\/fr\/wp-json\/wp\/v2\/pages\/17\/page\/2\/\"><\/div>\n\t\t\t\t<div class=\"e-load-more-message\"><\/div>\n\t\t\t\t\t\t<\/div>\n\t\t\t\t<\/div>\n\t\t\t\t<\/div>\n\t\t\t\t<\/div>","protected":false},"excerpt":{"rendered":"<p>Actualit\u00e9s<\/p>","protected":false},"author":2,"featured_media":0,"parent":0,"menu_order":0,"comment_status":"closed","ping_status":"closed","template":"","meta":{"_acf_changed":false,"footnotes":""},"class_list":["post-17","page","type-page","status-publish","hentry"],"acf":[],"yoast_head":"<!-- This site is optimized with the Yoast SEO plugin v27.5 - https:\/\/yoast.com\/product\/yoast-seo-wordpress\/ -->\n<title>News &#8226; Der Blog von newplace &#8226; Aktuelle Branchennews<\/title>\n<meta name=\"description\" content=\"In unserem Blog finden Sie Neuigkeiten aus der HR- und der newplace-Welt. Interessante Themen, Trends und Inputs. Damit Sie auf dem neusten Stand sind.\" \/>\n<meta name=\"robots\" content=\"index, follow, max-snippet:-1, max-image-preview:large, max-video-preview:-1\" \/>\n<link rel=\"canonical\" href=\"https:\/\/newplace.ch\/fr\/news\/\" \/>\n<meta property=\"og:locale\" content=\"fr_FR\" \/>\n<meta property=\"og:type\" content=\"article\" \/>\n<meta property=\"og:title\" content=\"News &#8226; Der Blog von newplace &#8226; Aktuelle Branchennews\" \/>\n<meta property=\"og:description\" content=\"In unserem Blog finden Sie Neuigkeiten aus der HR- und der newplace-Welt. Interessante Themen, Trends und Inputs. Damit Sie auf dem neusten Stand sind.\" \/>\n<meta property=\"og:url\" content=\"https:\/\/newplace.ch\/fr\/news\/\" \/>\n<meta property=\"og:site_name\" content=\"newplace\" \/>\n<meta property=\"article:modified_time\" content=\"2025-03-20T10:58:06+00:00\" \/>\n<meta name=\"twitter:card\" content=\"summary_large_image\" \/>\n<script type=\"application\/ld+json\" class=\"yoast-schema-graph\">{\"@context\":\"https:\\\/\\\/schema.org\",\"@graph\":[{\"@type\":\"WebPage\",\"@id\":\"https:\\\/\\\/newplace.ch\\\/news\\\/\",\"url\":\"https:\\\/\\\/newplace.ch\\\/news\\\/\",\"name\":\"News &#8226; Der Blog von newplace &#8226; Aktuelle Branchennews\",\"isPartOf\":{\"@id\":\"https:\\\/\\\/newplace.ch\\\/#website\"},\"datePublished\":\"2025-02-27T13:24:35+00:00\",\"dateModified\":\"2025-03-20T10:58:06+00:00\",\"description\":\"In unserem Blog finden Sie Neuigkeiten aus der HR- und der newplace-Welt. Interessante Themen, Trends und Inputs. Damit Sie auf dem neusten Stand sind.\",\"breadcrumb\":{\"@id\":\"https:\\\/\\\/newplace.ch\\\/news\\\/#breadcrumb\"},\"inLanguage\":\"fr-FR\",\"potentialAction\":[{\"@type\":\"ReadAction\",\"target\":[\"https:\\\/\\\/newplace.ch\\\/news\\\/\"]}]},{\"@type\":\"BreadcrumbList\",\"@id\":\"https:\\\/\\\/newplace.ch\\\/news\\\/#breadcrumb\",\"itemListElement\":[{\"@type\":\"ListItem\",\"position\":1,\"name\":\"Startseite\",\"item\":\"https:\\\/\\\/newplace.ch\\\/\"},{\"@type\":\"ListItem\",\"position\":2,\"name\":\"News\"}]},{\"@type\":\"WebSite\",\"@id\":\"https:\\\/\\\/newplace.ch\\\/#website\",\"url\":\"https:\\\/\\\/newplace.ch\\\/\",\"name\":\"newplace\",\"description\":\"\",\"publisher\":{\"@id\":\"https:\\\/\\\/newplace.ch\\\/#organization\"},\"potentialAction\":[{\"@type\":\"SearchAction\",\"target\":{\"@type\":\"EntryPoint\",\"urlTemplate\":\"https:\\\/\\\/newplace.ch\\\/?s={search_term_string}\"},\"query-input\":{\"@type\":\"PropertyValueSpecification\",\"valueRequired\":true,\"valueName\":\"search_term_string\"}}],\"inLanguage\":\"fr-FR\"},{\"@type\":\"Organization\",\"@id\":\"https:\\\/\\\/newplace.ch\\\/#organization\",\"name\":\"newplace AG\",\"url\":\"https:\\\/\\\/newplace.ch\\\/\",\"logo\":{\"@type\":\"ImageObject\",\"inLanguage\":\"fr-FR\",\"@id\":\"https:\\\/\\\/newplace.ch\\\/#\\\/schema\\\/logo\\\/image\\\/\",\"url\":\"https:\\\/\\\/newplace.ch\\\/wp-content\\\/uploads\\\/2025\\\/02\\\/newplace.svg\",\"contentUrl\":\"https:\\\/\\\/newplace.ch\\\/wp-content\\\/uploads\\\/2025\\\/02\\\/newplace.svg\",\"width\":345,\"height\":120,\"caption\":\"newplace AG\"},\"image\":{\"@id\":\"https:\\\/\\\/newplace.ch\\\/#\\\/schema\\\/logo\\\/image\\\/\"},\"sameAs\":[\"https:\\\/\\\/www.linkedin.com\\\/company\\\/newplace-ag\"]}]}<\/script>\n<!-- \/ Yoast SEO plugin. -->","yoast_head_json":{"title":"News &#8226; Der Blog von newplace &#8226; Aktuelle Branchennews","description":"In unserem Blog finden Sie Neuigkeiten aus der HR- und der newplace-Welt. Interessante Themen, Trends und Inputs. Damit Sie auf dem neusten Stand sind.","robots":{"index":"index","follow":"follow","max-snippet":"max-snippet:-1","max-image-preview":"max-image-preview:large","max-video-preview":"max-video-preview:-1"},"canonical":"https:\/\/newplace.ch\/fr\/news\/","og_locale":"fr_FR","og_type":"article","og_title":"News &#8226; Der Blog von newplace &#8226; Aktuelle Branchennews","og_description":"In unserem Blog finden Sie Neuigkeiten aus der HR- und der newplace-Welt. Interessante Themen, Trends und Inputs. Damit Sie auf dem neusten Stand sind.","og_url":"https:\/\/newplace.ch\/fr\/news\/","og_site_name":"newplace","article_modified_time":"2025-03-20T10:58:06+00:00","twitter_card":"summary_large_image","schema":{"@context":"https:\/\/schema.org","@graph":[{"@type":"WebPage","@id":"https:\/\/newplace.ch\/news\/","url":"https:\/\/newplace.ch\/news\/","name":"News &#8226; Der Blog von newplace &#8226; Aktuelle Branchennews","isPartOf":{"@id":"https:\/\/newplace.ch\/#website"},"datePublished":"2025-02-27T13:24:35+00:00","dateModified":"2025-03-20T10:58:06+00:00","description":"In unserem Blog finden Sie Neuigkeiten aus der HR- und der newplace-Welt. Interessante Themen, Trends und Inputs. Damit Sie auf dem neusten Stand sind.","breadcrumb":{"@id":"https:\/\/newplace.ch\/news\/#breadcrumb"},"inLanguage":"fr-FR","potentialAction":[{"@type":"ReadAction","target":["https:\/\/newplace.ch\/news\/"]}]},{"@type":"BreadcrumbList","@id":"https:\/\/newplace.ch\/news\/#breadcrumb","itemListElement":[{"@type":"ListItem","position":1,"name":"Startseite","item":"https:\/\/newplace.ch\/"},{"@type":"ListItem","position":2,"name":"News"}]},{"@type":"WebSite","@id":"https:\/\/newplace.ch\/#website","url":"https:\/\/newplace.ch\/","name":"newplace","description":"","publisher":{"@id":"https:\/\/newplace.ch\/#organization"},"potentialAction":[{"@type":"SearchAction","target":{"@type":"EntryPoint","urlTemplate":"https:\/\/newplace.ch\/?s={search_term_string}"},"query-input":{"@type":"PropertyValueSpecification","valueRequired":true,"valueName":"search_term_string"}}],"inLanguage":"fr-FR"},{"@type":"Organization","@id":"https:\/\/newplace.ch\/#organization","name":"newplace AG","url":"https:\/\/newplace.ch\/","logo":{"@type":"ImageObject","inLanguage":"fr-FR","@id":"https:\/\/newplace.ch\/#\/schema\/logo\/image\/","url":"https:\/\/newplace.ch\/wp-content\/uploads\/2025\/02\/newplace.svg","contentUrl":"https:\/\/newplace.ch\/wp-content\/uploads\/2025\/02\/newplace.svg","width":345,"height":120,"caption":"newplace AG"},"image":{"@id":"https:\/\/newplace.ch\/#\/schema\/logo\/image\/"},"sameAs":["https:\/\/www.linkedin.com\/company\/newplace-ag"]}]}},"_links":{"self":[{"href":"https:\/\/newplace.ch\/fr\/wp-json\/wp\/v2\/pages\/17","targetHints":{"allow":["GET"]}}],"collection":[{"href":"https:\/\/newplace.ch\/fr\/wp-json\/wp\/v2\/pages"}],"about":[{"href":"https:\/\/newplace.ch\/fr\/wp-json\/wp\/v2\/types\/page"}],"author":[{"embeddable":true,"href":"https:\/\/newplace.ch\/fr\/wp-json\/wp\/v2\/users\/2"}],"replies":[{"embeddable":true,"href":"https:\/\/newplace.ch\/fr\/wp-json\/wp\/v2\/comments?post=17"}],"version-history":[{"count":49,"href":"https:\/\/newplace.ch\/fr\/wp-json\/wp\/v2\/pages\/17\/revisions"}],"predecessor-version":[{"id":4861,"href":"https:\/\/newplace.ch\/fr\/wp-json\/wp\/v2\/pages\/17\/revisions\/4861"}],"wp:attachment":[{"href":"https:\/\/newplace.ch\/fr\/wp-json\/wp\/v2\/media?parent=17"}],"curies":[{"name":"wp","href":"https:\/\/api.w.org\/{rel}","templated":true}]}}